{"id":36,"date":"2018-10-09T18:46:49","date_gmt":"2018-10-09T16:46:49","guid":{"rendered":"http:\/\/www.baumgarten-spain.dev.cc\/?page_id=36"},"modified":"2024-10-22T16:35:20","modified_gmt":"2024-10-22T15:35:20","slug":"politica-de-privacidad","status":"publish","type":"page","link":"https:\/\/www.baumgarten-spain.com\/de\/politica-de-privacidad\/","title":{"rendered":"Pol\u00edtica de privacidad"},"content":{"rendered":"\n<p>La visita a este Sitio Web no supone que el usuario est\u00e9 obligado a facilitar ninguna informaci\u00f3n sobre s\u00ed mismo.  <\/p>\n\n\n\n<p>En el caso de que proporcione el usuario alguna informaci\u00f3n de car\u00e1cter personal, los datos recogidos en este Sitio Web ser\u00e1n utilizados con la finalidad, en la forma y con las limitaciones y derechos que recoge el Reglamento (UE) 2016\/679 del Parlamento Europeo y del Consejo, de 27 de Abril de 2016, relativo a la protecci\u00f3n de las personas f\u00edsicas en lo que respecta al tratamiento de datos personales y a la libre circulaci\u00f3n de estos datos y que deroga la Directiva 95\/46\/CE (Reglamento General de Protecci\u00f3n de Datos o RGPD), y conforme se le explica y detalla en la presente <strong>pol\u00edtica de protecci\u00f3n de datos de car\u00e1cter personal<\/strong>.  <\/p>\n\n\n\n<p>En cumplimiento de lo establecido en dichas normas, BAUMGARTEN ESPA\u00d1A, S.L. como Responsable del Fichero le informa, que sus datos de car\u00e1cter personal recogidos a trav\u00e9s del Sitio Web ser\u00e1n objeto de tratamiento automatizado en nuestros ficheros debidamente inscritos en la Agencia Espa\u00f1ola de Protecci\u00f3n de Datos. Todos nuestros ficheros est\u00e1n protegidos con medidas de seguridad inform\u00e1tica que garantizan que tanto el acceso como el tratamiento sea seguro, confidencial, an\u00f3nimo y conforme a las normas de seguridad inform\u00e1tica establecidas por el RGPD.  <\/p>\n\n\n\n<p>La <strong>finalidad principal<\/strong> de los ficheros es las peticiones formuladas y contestar las mismas as\u00ed como actividades propias de nuestro objeto social, consistente en actividades de fabricaci\u00f3n y venta de nuestros productos y las de gesti\u00f3n administrativa y contable de la empresa.  <\/p>\n\n\n\n<p>Con la aceptaci\u00f3n de nuestra pol\u00edtica de privacidad, usted como usuario est\u00e1 consintiendo que el email facilitado por el usuario podr\u00e1 ser usado con <strong>finalidad publicitaria y comercial<\/strong>, con la aceptaci\u00f3n de la presente pol\u00edtica de protecci\u00f3n de datos, se consiente de forma expresa que BAUMGARTEN ESPA\u00d1A, S.L. le pueda enviar publicidad y\/o informaci\u00f3n de nuestros servicios y de las novedades de que se produzcan y que consideremos que pueden ser objeto de su inter\u00e9s mediante nuestro env\u00edo de publicidad, ya sea mediante newsletter, publicidad digital, telef\u00f3nica o por correo postal. Siempre podr\u00e1 darse de baja y dejar de recibir dicha publicidad.  <\/p>\n\n\n\n<p>Los datos proporcionados pueden ser objeto de tratamiento y\/o cesi\u00f3n a terceros con la \u00fanica finalidad de gestionar la petici\u00f3n realizada por el usuario y para el cumplimiento de nuestras obligaciones legales (gestor\u00eda, Administraciones P\u00fablicas, etc.), BAUMGARTEN ESPA\u00d1A, S.L. le garantiza que los cesionarios de los datos tienen el mismo o superior nivel de seguridad para el tratamiento de los datos que el de BAUMGARTEN ESPA\u00d1A, S.L.  <\/p>\n\n\n\n<p>BAUMGARTEN ESPA\u00d1A, S.L. no realiza un tratamiento masivo de datos, ni ceder\u00e1 sus datos a terceros a nivel internacional. Tampoco ceder\u00e1 sus datos con una finalidad diferente a la indicada anteriormente.  <\/p>\n\n\n\n<p>BAUMGARTEN ESPA\u00d1A, S.L. le informa que una vez finalizada la relaci\u00f3n contractual entre las partes, por su normal finalizaci\u00f3n o bien porque usted como interesado manifieste su voluntad de dar de baja sus datos en nuestros ficheros, o bien por haber transcurrido m\u00e1s de un a\u00f1o sin ning\u00fan tipo de actividad entre las partes, la empresa \u00fanicamente los conservar\u00e1 durante el tiempo estrictamente necesario para el cumplimiento de sus obligaciones legales. Los datos se trasladar\u00e1n a un fichero de naturaleza temporal y s\u00f3lo de consulta, donde ser\u00e1n almacenados de forma segura y donde estar\u00e1n protegidos por medidas de seguridad inform\u00e1tica que impiden su libre acceso, y garantizan su anonimizaci\u00f3n y confidencialidad durante el tiempo de obligada conservaci\u00f3n.  <\/p>\n\n\n\n<p>Como usuario e interesado, y en virtud de su derecho de informaci\u00f3n, <strong>en este apartado le informamos expresamente de que usted es titular de los derechos que se indican a continuaci\u00f3n, y los cuales son respetados por <\/strong><strong>BAUMGARTEN ESPA\u00d1A, S.L.<\/strong> en el tratamiento de sus datos de car\u00e1cter personal:  <\/p>\n\n\n\n<ul class=\"wp-block-list\">\n<li>  \t<strong>Derecho \tde acceso: <\/strong>En \tvirtud del derecho de acceso el afectado podr\u00e1 obtener del \tresponsable del tratamiento informaci\u00f3n relativa a datos concretos, \tincluidos en un determinado fichero, o a la totalidad de sus datos \tsometidos a tratamiento. Este derecho, constituye el pilar de los \tderechos que tiene el afectado, ya que se le otorga un derecho a \tconocer los datos sometidos a tratamiento, y por consiguiente, hacer \tposible su poder de control sobre los datos, de esta forma, el \tinteresado est\u00e1 facultado a conocer la informaci\u00f3n relativa a su \tpersona que conste en bases de datos y ficheros automatizados o no.  \t <\/li>\n<\/ul>\n\n\n\n<ul class=\"wp-block-list\">\n<li>  \t<strong>Derecho \tde rectificaci\u00f3n: <\/strong>es \tel derecho del afectado a que se modifiquen los datos que resulten \tser inexactos o incompletos.  \t <\/li>\n<\/ul>\n\n\n\n<ul class=\"wp-block-list\">\n<li>  \t<strong>Derecho \tde cancelaci\u00f3n: <\/strong>El \tejercicio del derecho de <strong>cancelaci\u00f3n<\/strong> \tdar\u00e1 lugar a que se supriman los datos que resulten ser inadecuados \to excesivos, sin perjuicio del deber de bloqueo conforme a lo \tprevisto en la normativa vigente. <\/li>\n<\/ul>\n\n\n\n<ul class=\"wp-block-list\">\n<li>  \t<strong>Derecho \tde oposici\u00f3n: <\/strong>es \tel derecho del afectado a que no se lleve a cabo el tratamiento de \tsus datos de car\u00e1cter personal o se cese en el mismo en los \tsiguientes supuestos: <\/li>\n<\/ul>\n\n\n\n<ul class=\"wp-block-list\">\n<li>  \tCuando \tno sea necesario su consentimiento para el tratamiento, como \tconsecuencia de la concurrencia de un motivo leg\u00edtimo y fundado, \treferido a su concreta situaci\u00f3n personal, que lo justifique, \tsiempre que una Ley no disponga lo contrario. \t<\/li>\n\n\n\n<li>  \tCuando \tse trate de ficheros que tengan por finalidad la realizaci\u00f3n de \tactividades de publicidad y prospecci\u00f3n comercial, cualquiera que \tsea la empresa responsable de su creaci\u00f3n. \t<\/li>\n\n\n\n<li>  \tCuando \tel tratamiento tenga por finalidad la adopci\u00f3n de una decisi\u00f3n \treferida al afectado y basada \u00fanicamente en un tratamiento \tautomatizado de sus datos de car\u00e1cter personal. <\/li>\n<\/ul>\n\n\n\n<ul class=\"wp-block-list\">\n<li>  \t<strong>Derecho \tde transparencia<\/strong>: \tTodo \ttratamiento de datos personales debe ser l\u00edcito y leal. Para las \tpersonas f\u00edsicas debe quedar totalmente claro que se est\u00e1n \trecogiendo, utilizando, consultando o tratando de otra manera datos \tpersonales que les conciernen, as\u00ed como la medida en que dichos \tdatos son o ser\u00e1n tratados. <\/li>\n<\/ul>\n\n\n\n<ul class=\"wp-block-list\">\n<li>  \t<strong>Derecho \tal olvido<\/strong>: \tEl \tinteresado tendr\u00e1 derecho a obtener sin dilaci\u00f3n indebida del \tresponsable del tratamiento la supresi\u00f3n de los datos personales \tque le conciernan, el cual estar\u00e1 obligado a suprimir sin dilaci\u00f3n \tindebida los datos personales cuando concurra alguna de las \tcircunstancias siguientes: <\/li>\n<\/ul>\n\n\n\n<ul class=\"wp-block-list\">\n<li>  \tLos \tdatos personales ya no sean necesarios en relaci\u00f3n con los fines \tpara los que fueron recogidos o tratados de otro modo. \t<\/li>\n\n\n\n<li>  \tEl \tinteresado retire el consentimiento en que se basa el tratamiento de \tconformidad con el art\u00edculo&nbsp;6, apartado&nbsp;1, letra&nbsp;a) \tdel RGPD, o el art\u00edculo&nbsp;9, apartado&nbsp;2, letra&nbsp;a) del \tRGPD, y este no se base en otro fundamento jur\u00eddico. \t<\/li>\n\n\n\n<li>  \tEl \tinteresado se oponga al tratamiento con arreglo al art\u00edculo&nbsp;21, \tapartado&nbsp;1 del RGPD, y no prevalezcan otros motivos leg\u00edtimos \tpara el tratamiento, o el interesado se oponga al tratamiento con \tarreglo al art\u00edculo&nbsp;21, apartado&nbsp;2 del RGPD. \t<\/li>\n\n\n\n<li>  \tLos \tdatos personales hayan sido tratados il\u00edcitamente \t<\/li>\n\n\n\n<li>  \tLos \tdatos personales deban suprimirse para el cumplimiento de una \tobligaci\u00f3n legal establecida en el Derecho de la Uni\u00f3n o de los \tEstados miembros que se aplique al responsable del tratamiento <\/li>\n<\/ul>\n\n\n\n<ul class=\"wp-block-list\">\n<li>  \t<strong>Derecho \ta la limitaci\u00f3n del tratamiento<\/strong>: \tEl \tinteresado tendr\u00e1 derecho a obtener del responsable del tratamiento \tla limitaci\u00f3n del tratamiento de los datos cuando se cumpla alguna \tde las condiciones siguientes: <\/li>\n<\/ul>\n\n\n\n<ul class=\"wp-block-list\">\n<li>  \tEl \tinteresado impugne la exactitud de los datos personales, durante un \tplazo que permita al responsable verificar la exactitud de los \tmismos. \t<\/li>\n\n\n\n<li>  \tEl \ttratamiento sea il\u00edcito y el interesado se oponga a la supresi\u00f3n \tde los datos personales y solicite en su lugar la limitaci\u00f3n de su \tuso. \t<\/li>\n\n\n\n<li>  \tEl \tresponsable ya no necesite los datos personales para los fines del \ttratamiento, pero el interesado los necesite para la formulaci\u00f3n, \tel ejercicio o la defensa de reclamaciones. \t<\/li>\n\n\n\n<li>  \tEl \tinteresado se haya opuesto al tratamiento en virtud del art\u00edculo&nbsp;21, \tapartado&nbsp;1 del RGPD, mientras se verifica si los motivos \tleg\u00edtimos del responsable prevalecen sobre los del interesado. <\/li>\n<\/ul>\n\n\n\n<ul class=\"wp-block-list\">\n<li>  \t<strong>Derecho \ta la portabilidad de los datos<\/strong>: \tEl interesado tendr\u00e1 derecho a recibir los datos personales que le \tincumban, que haya facilitado a un responsable del tratamiento, en \tun formato estructurado, de uso com\u00fan y lectura mec\u00e1nica, y a \ttransmitirlos a otro responsable del tratamiento sin que lo impida \tel responsable al que se los hubiera facilitado, cuando: <\/li>\n<\/ul>\n\n\n\n<ul class=\"wp-block-list\">\n<li>  \tEl \ttratamiento est\u00e9 basado en el consentimiento con arreglo al \tart\u00edculo&nbsp;6, apartado&nbsp;1, letra&nbsp;a) del RGPD, o el \tart\u00edculo&nbsp;9, apartado&nbsp;2, letra&nbsp;a) del RGPD, o en un \tcontrato con arreglo al art\u00edculo&nbsp;6, apartado&nbsp;1, letra&nbsp;b) \tdel RGPD,&nbsp;y \t<\/li>\n\n\n\n<li>  \tEl \ttratamiento se efect\u00fae por medios automatizados <\/li>\n<\/ul>\n\n\n\n<p>Todos los derechos anteriores, as\u00ed como aquellos que puedan surgir conforme a la normativa vigente en protecci\u00f3n de datos, ya sea nacional o de la UE son personal\u00edsimos y ser\u00e1n ejercidos por el afectado.<\/p>\n\n\n\n<p>Tales derechos se ejercitar\u00e1n:<\/p>\n\n\n\n<ol class=\"wp-block-list\">\n<li>  \t\t\tPor \t\t\tel afectado, acreditando su identidad, del modo previsto en el \t\t\tapartado siguiente. \t\t\t<\/li>\n\n\n\n<li>  \t\t\tCuando \t\t\tel afectado se encuentre en situaci\u00f3n de incapacidad o minor\u00eda \t\t\tde edad que le imposibilite el ejercicio personal de estos \t\t\tderechos, podr\u00e1n ejercitarse por su representante legal, en cuyo \t\t\tcaso ser\u00e1 necesario que acredite tal condici\u00f3n. \t\t\t<\/li>\n\n\n\n<li>  \t\t\tLos \t\t\tderechos tambi\u00e9n podr\u00e1n ejercitarse a trav\u00e9s de representante \t\t\tvoluntario, expresamente designado para el ejercicio del derecho. \t\t\tEn ese caso, deber\u00e1 constar claramente acreditada la identidad \t\t\tdel representado, mediante la aportaci\u00f3n de copia de su Documento \t\t\tNacional de Identidad o documento equivalente, y la representaci\u00f3n \t\t\tconferida por aqu\u00e9l.  \t\t\t \t\t<\/li>\n<\/ol>\n\n\n\n<p>Las condiciones generales para el ejercicio de los derechos son:<\/p>\n\n\n\n<ol class=\"wp-block-list\">\n<li>  \t\t\t\tLos \t\t\t\tderechos son derechos independientes, de tal forma que no puede \t\t\t\tentenderse que el ejercicio de ninguno de ellos sea requisito \t\t\t\tprevio para el ejercicio de otro. \t\t\t\t<\/li>\n\n\n\n<li>  \t\t\t\tEl \t\t\t\tejercicio por el afectado de sus derechos ser\u00e1 gratuito. \t\t\t<\/li>\n<\/ol>\n\n\n\n<p> El ejercicio de los derechos deber\u00e1 llevarse a cabo mediante la marcaci\u00f3n de la casilla habilitada al afecto en cada una de nuestros correos electr\u00f3nicos (newsletter) que tiene efectos autom\u00e1ticos, o bien, si usted lo prefiere mediante comunicaci\u00f3n dirigida al responsable del fichero, por correo postal a nuestras oficinas sitas en Terrassa (Barcelona) calle G\u00e9minis n\u00ba 54, 08228; o por email a comercial@baumgarten-spain.com que contendr\u00e1:<\/p>\n\n\n\n<ul class=\"wp-block-list\">\n<li>  \tNombre \ty apellidos del interesado; fotocopia de su documento nacional de \tidentidad, o de su pasaporte u otro documento v\u00e1lido que lo \tidentifique y, en su caso, de la persona que lo represente, o \tinstrumentos electr\u00f3nicos equivalentes; as\u00ed como el documento o \tinstrumento electr\u00f3nico acreditativo de tal representaci\u00f3n. La \tutilizaci\u00f3n de firma electr\u00f3nica identificativa del afectado \teximir\u00e1 de la presentaci\u00f3n de las fotocopias del DNI o documento \tequivalente. <\/li>\n<\/ul>\n\n\n\n<p> El p\u00e1rrafo anterior se entender\u00e1 sin perjuicio de la normativa espec\u00edfica aplicable a la comprobaci\u00f3n de datos de identidad por las Administraciones P\u00fablicas en los procedimientos administrativos.<\/p>\n\n\n\n<ul class=\"wp-block-list\">\n<li>  \tPetici\u00f3n \ten que se concreta la solicitud. \t<\/li>\n\n\n\n<li>  \tDirecci\u00f3n \ta efectos de notificaciones, fecha y firma del solicitante. \t<\/li>\n\n\n\n<li>  \tDocumentos \tacreditativos de la petici\u00f3n que formula, en su caso. <\/li>\n<\/ul>\n\n\n\n<p>Asimismo, una vez informado de sus derechos, <strong>y en relaci\u00f3n a los datos proporcionados el USUARIO acepta expresamente<\/strong> que:<\/p>\n\n\n\n<ul class=\"wp-block-list\">\n<li>  \tSus \tdatos sean utilizados para enviarle informaci\u00f3n, formaci\u00f3n y \tcomercializaci\u00f3n de nuestros servicios, por v\u00eda convencional o \telectr\u00f3nica que pueda considerar de su inter\u00e9s dentro de los \tservicios que prestamos. \t<\/li>\n\n\n\n<li>  \tEn \tcaso de ser facilitados por el usuario datos de contacto personales \tde terceras personas \u2013como por ejemplo, trabajadores del usuario-, \t\u00e9ste se compromete a comunicar a los titulares de dichos datos la \tpresente cl\u00e1usula, inform\u00e1ndoles, con car\u00e1cter previo a dicha \tcomunicaci\u00f3n a BAUMGARTEN \tESPA\u00d1A, S.L., \tde todos los aspectos recogidos en la misma, en especial la \texistencia del fichero, las finalidades del tratamiento y la \tposibilidad de ejercicio de derechos. En caso de no ser comunicada, \tel usuario se compromete a dejar indemne a BAUMGARTEN \tESPA\u00d1A, S.L., \tpor cualquier da\u00f1o, perjuicio, gasto o sanci\u00f3n de cualquier orden \tjurisdiccional que pudiese traer causa de la falta de comunicaci\u00f3n \tde esta cl\u00e1usula a los titulares de los datos facilitados por el \tusuario. \t<\/li>\n\n\n\n<li>  \tProcederemos \ta la cancelaci\u00f3n y supresi\u00f3n de los datos recogidos cuando dejen \tde ser necesarios o pertinentes para la finalidad para la que \thubiesen sido recabados, o cuando usted como usuario, as\u00ed nos lo \tsolicite conforme a su derecho de cancelaci\u00f3n.  \t \t<\/li>\n\n\n\n<li>  \tCaso \tque los datos recabados se utilizasen para una finalidad distinta \tpara la cual hubiesen sido recabados o recogidos se requerir\u00e1 el \tconsentimiento expreso y previo de los interesados. <\/li>\n<\/ul>\n\n\n\n<p>BAUMGARTEN ESPA\u00d1A, S.L. informa expresamente que se han adoptado todas las medidas t\u00e9cnicas y organizativas necesarias a nuestro alcance para garantizar la seguridad e integridad de los datos, as\u00ed como para evitar su alteraci\u00f3n, p\u00e9rdida, tratamiento o acceso no autorizado<\/p>\n\n\n\n<p>Los datos solicitados en el Sitio Web son obligatorios. La negativa a proporcionar los datos solicitados supondr\u00e1 la no prestaci\u00f3n o la imposibilidad de acceder al servicio para los que eran solicitados, dado que si usted no proporciona los mismos, ni tampoco presta su consentimiento expreso para su tratamiento, esta parte no estar\u00eda cumpliendo con sus obligaciones legales derivadas de la normativa vigente de Protecci\u00f3n de Datos de Car\u00e1cter Personal.  <\/p>\n\n\n\n<p>El acceso a este Sitio Web puede implicar la utilizaci\u00f3n de cookies. Consulte nuestra pol\u00edtica de cookies en el siguiente link \u2026  <\/p>\n","protected":false},"excerpt":{"rendered":"<p>La visita a este Sitio Web no supone que el usuario est\u00e9 obligado a facilitar ninguna informaci\u00f3n sobre s\u00ed mismo. En el caso de que proporcione el usuario alguna informaci\u00f3n de car\u00e1cter personal, los datos recogidos en este Sitio Web ser\u00e1n utilizados con la finalidad, en la forma y con las limitaciones y derechos que &hellip; <a href=\"https:\/\/www.baumgarten-spain.com\/de\/politica-de-privacidad\/\">Weiterlesen<\/a><\/p>\n","protected":false},"author":1,"featured_media":0,"parent":0,"menu_order":0,"comment_status":"closed","ping_status":"closed","template":"","meta":{"_monsterinsights_skip_tracking":false,"_monsterinsights_sitenote_active":false,"_monsterinsights_sitenote_note":"","_monsterinsights_sitenote_category":0,"_joinchat":[],"footnotes":""},"class_list":["post-36","page","type-page","status-publish","hentry"],"yoast_head":"<!-- This site is optimized with the Yoast SEO plugin v27.4 - https:\/\/yoast.com\/product\/yoast-seo-wordpress\/ -->\n<title>Pol\u00edtica de privacidad &#8211; Baumgarten Espa\u00f1a<\/title>\n<meta name=\"robots\" content=\"noindex, nofollow\" \/>\n<meta property=\"og:locale\" content=\"de_DE\" \/>\n<meta property=\"og:type\" content=\"article\" \/>\n<meta property=\"og:title\" content=\"Pol\u00edtica de privacidad &#8211; Baumgarten Espa\u00f1a\" \/>\n<meta property=\"og:description\" content=\"La visita a este Sitio Web no supone que el usuario est\u00e9 obligado a facilitar ninguna informaci\u00f3n sobre s\u00ed mismo. En el caso de que proporcione el usuario alguna informaci\u00f3n de car\u00e1cter personal, los datos recogidos en este Sitio Web ser\u00e1n utilizados con la finalidad, en la forma y con las limitaciones y derechos que &hellip; Weiterlesen\" \/>\n<meta property=\"og:url\" content=\"https:\/\/www.baumgarten-spain.com\/politica-de-privacidad\/\" \/>\n<meta property=\"og:site_name\" content=\"Baumgarten Espa\u00f1a\" \/>\n<meta property=\"article:modified_time\" content=\"2024-10-22T15:35:20+00:00\" \/>\n<meta name=\"twitter:card\" content=\"summary_large_image\" \/>\n<meta name=\"twitter:label1\" content=\"Gesch\u00e4tzte Lesezeit\" \/>\n\t<meta name=\"twitter:data1\" content=\"10\u00a0Minuten\" \/>\n<!-- \/ Yoast SEO plugin. -->","yoast_head_json":{"title":"Pol\u00edtica de privacidad &#8211; Baumgarten Espa\u00f1a","robots":{"index":"noindex","follow":"nofollow"},"og_locale":"de_DE","og_type":"article","og_title":"Pol\u00edtica de privacidad &#8211; Baumgarten Espa\u00f1a","og_description":"La visita a este Sitio Web no supone que el usuario est\u00e9 obligado a facilitar ninguna informaci\u00f3n sobre s\u00ed mismo. En el caso de que proporcione el usuario alguna informaci\u00f3n de car\u00e1cter personal, los datos recogidos en este Sitio Web ser\u00e1n utilizados con la finalidad, en la forma y con las limitaciones y derechos que &hellip; Weiterlesen","og_url":"https:\/\/www.baumgarten-spain.com\/politica-de-privacidad\/","og_site_name":"Baumgarten Espa\u00f1a","article_modified_time":"2024-10-22T15:35:20+00:00","twitter_card":"summary_large_image","twitter_misc":{"Gesch\u00e4tzte Lesezeit":"10\u00a0Minuten"},"schema":{"@context":"https:\/\/schema.org","@graph":[{"@type":"WebPage","@id":"https:\/\/www.baumgarten-spain.com\/politica-de-privacidad\/","url":"https:\/\/www.baumgarten-spain.com\/politica-de-privacidad\/","name":"Pol\u00edtica de privacidad &#8211; Baumgarten Espa\u00f1a","isPartOf":{"@id":"https:\/\/www.baumgarten-spain.com\/#website"},"datePublished":"2018-10-09T16:46:49+00:00","dateModified":"2024-10-22T15:35:20+00:00","breadcrumb":{"@id":"https:\/\/www.baumgarten-spain.com\/politica-de-privacidad\/#breadcrumb"},"inLanguage":"de","potentialAction":[{"@type":"ReadAction","target":["https:\/\/www.baumgarten-spain.com\/politica-de-privacidad\/"]}]},{"@type":"BreadcrumbList","@id":"https:\/\/www.baumgarten-spain.com\/politica-de-privacidad\/#breadcrumb","itemListElement":[{"@type":"ListItem","position":1,"name":"Portada","item":"https:\/\/www.baumgarten-spain.com\/de\/"},{"@type":"ListItem","position":2,"name":"Pol\u00edtica de privacidad"}]},{"@type":"WebSite","@id":"https:\/\/www.baumgarten-spain.com\/#website","url":"https:\/\/www.baumgarten-spain.com\/","name":"Baumgarten Espa\u00f1a","description":"","publisher":{"@id":"https:\/\/www.baumgarten-spain.com\/#organization"},"potentialAction":[{"@type":"SearchAction","target":{"@type":"EntryPoint","urlTemplate":"https:\/\/www.baumgarten-spain.com\/?s={search_term_string}"},"query-input":{"@type":"PropertyValueSpecification","valueRequired":true,"valueName":"search_term_string"}}],"inLanguage":"de"},{"@type":"Organization","@id":"https:\/\/www.baumgarten-spain.com\/#organization","name":"Baumgarten Espa\u00f1a SL","url":"https:\/\/www.baumgarten-spain.com\/","logo":{"@type":"ImageObject","inLanguage":"de","@id":"https:\/\/www.baumgarten-spain.com\/#\/schema\/logo\/image\/","url":"https:\/\/www.baumgarten-spain.com\/wp-content\/uploads\/2023\/03\/logo.png","contentUrl":"https:\/\/www.baumgarten-spain.com\/wp-content\/uploads\/2023\/03\/logo.png","width":23,"height":32,"caption":"Baumgarten Espa\u00f1a SL"},"image":{"@id":"https:\/\/www.baumgarten-spain.com\/#\/schema\/logo\/image\/"}}]}},"_links":{"self":[{"href":"https:\/\/www.baumgarten-spain.com\/de\/wp-json\/wp\/v2\/pages\/36","targetHints":{"allow":["GET"]}}],"collection":[{"href":"https:\/\/www.baumgarten-spain.com\/de\/wp-json\/wp\/v2\/pages"}],"about":[{"href":"https:\/\/www.baumgarten-spain.com\/de\/wp-json\/wp\/v2\/types\/page"}],"author":[{"embeddable":true,"href":"https:\/\/www.baumgarten-spain.com\/de\/wp-json\/wp\/v2\/users\/1"}],"replies":[{"embeddable":true,"href":"https:\/\/www.baumgarten-spain.com\/de\/wp-json\/wp\/v2\/comments?post=36"}],"version-history":[{"count":1,"href":"https:\/\/www.baumgarten-spain.com\/de\/wp-json\/wp\/v2\/pages\/36\/revisions"}],"predecessor-version":[{"id":1009,"href":"https:\/\/www.baumgarten-spain.com\/de\/wp-json\/wp\/v2\/pages\/36\/revisions\/1009"}],"wp:attachment":[{"href":"https:\/\/www.baumgarten-spain.com\/de\/wp-json\/wp\/v2\/media?parent=36"}],"curies":[{"name":"wp","href":"https:\/\/api.w.org\/{rel}","templated":true}]}}