{"id":1394,"date":"2023-06-12T08:06:32","date_gmt":"2023-06-12T07:06:32","guid":{"rendered":"https:\/\/www.baumgarten-spain.com\/anhaengerzubehoer-fuer-plattformanhaenger\/"},"modified":"2023-06-12T08:06:32","modified_gmt":"2023-06-12T07:06:32","slug":"anhaengerzubehoer-fuer-plattformanhaenger","status":"publish","type":"page","link":"https:\/\/www.baumgarten-spain.com\/de\/anhaengerzubehoer-fuer-plattformanhaenger\/","title":{"rendered":"Anh\u00e4ngerzubeh\u00f6r f\u00fcr Plattformanh\u00e4nger"},"content":{"rendered":"\n<p>Als Hersteller von Eckensch\u00fctzern decken wir die gesamte Bandbreite an Gurten und Ratschen ab, die zur Sicherung der Ladung auf LKWs verwendet werden k\u00f6nnen.<\/p>\n\n<p>Unsere <a href=\"https:\/\/www.baumgarten-spain.com\/de\/kunststoff-kantenschutz-zur-ladungssicherung-beim-transport\/\">Eckensch\u00fctzer<\/a> sind ein unverzichtbares Element in Flachbettlastwagen als Zubeh\u00f6r.<\/p>\n\n<p>Es gibt verschiedene Elemente zur Produktsicherheit in Flachbettlastwagen, und eine davon sind die Kunststoff-Eckensch\u00fctzer, die die Ware sch\u00fctzen.<\/p>\n\n<p>Wir k\u00f6nnten sagen, dass in Flachbettlastwagen Gurte und Zubeh\u00f6r wie Eckensch\u00fctzer ein Sicherheitspaket bilden.<\/p>\n\n<div style=\"height:100px\" aria-hidden=\"true\" class=\"wp-block-spacer\"><\/div>\n\n<h2 class=\"has-text-align-center wp-block-heading\">Unsere Eckensch\u00fctzer<\/h2>\n\n<div style=\"height:40px\" aria-hidden=\"true\" class=\"wp-block-spacer\"><\/div>\n\n<div class=\"wp-block-columns is-layout-flex wp-container-core-columns-is-layout-9d6595d7 wp-block-columns-is-layout-flex\">\n<div class=\"wp-block-column is-layout-flow wp-block-column-is-layout-flow\">\n<div class=\"wp-block-media-text alignwide is-stacked-on-mobile\" style=\"grid-template-columns:43% auto\"><figure class=\"wp-block-media-text__media\"><img fetchpriority=\"high\" decoding=\"async\" width=\"856\" height=\"508\" src=\"https:\/\/www.baumgarten-spain.com\/wp-content\/uploads\/2020\/02\/12-ribs.png\" alt=\"\" class=\"wp-image-205 size-full\" srcset=\"https:\/\/www.baumgarten-spain.com\/wp-content\/uploads\/2020\/02\/12-ribs.png 856w, https:\/\/www.baumgarten-spain.com\/wp-content\/uploads\/2020\/02\/12-ribs-300x178.png 300w, https:\/\/www.baumgarten-spain.com\/wp-content\/uploads\/2020\/02\/12-ribs-768x456.png 768w\" sizes=\"(max-width: 856px) 100vw, 856px\" \/><\/figure><div class=\"wp-block-media-text__content\">\n<p class=\"has-medium-font-size\"><strong>Eckensch\u00fctzer BE1 180 x 180 x 19mm orange\/schwarz<\/strong><\/p>\n\n\n\n<p class=\"has-medium-font-size\">Referenz: COA690153.<\/p>\n\n\n\n<p class=\"has-medium-font-size\">Material: PE (Polyethylen).<\/p>\n\n\n\n<p class=\"has-medium-font-size\">Gewicht: 1,975 kg\/meter.<\/p>\n\n\n\n<p class=\"has-medium-font-size\">L\u00e4nge: Von 0,30 bis 6 Meter.<\/p>\n\n\n\n<p class=\"has-medium-font-size\">Menge pro Palette: 250 St\u00fcck \/ 1 Meter.<\/p>\n<\/div><\/div>\n<\/div>\n\n\n\n<div class=\"wp-block-column is-layout-flow wp-block-column-is-layout-flow\">\n<div class=\"wp-block-media-text alignwide is-stacked-on-mobile\" style=\"grid-template-columns:43% auto\"><figure class=\"wp-block-media-text__media\"><img decoding=\"async\" width=\"1024\" height=\"1024\" src=\"https:\/\/www.baumgarten-spain.com\/wp-content\/uploads\/2018\/10\/20180326-producte-Baumgarten2357-1024x1024.jpg\" alt=\"\" class=\"wp-image-60 size-full\" srcset=\"https:\/\/www.baumgarten-spain.com\/wp-content\/uploads\/2018\/10\/20180326-producte-Baumgarten2357-1024x1024.jpg 1024w, https:\/\/www.baumgarten-spain.com\/wp-content\/uploads\/2018\/10\/20180326-producte-Baumgarten2357-150x150.jpg 150w, https:\/\/www.baumgarten-spain.com\/wp-content\/uploads\/2018\/10\/20180326-producte-Baumgarten2357-300x300.jpg 300w, https:\/\/www.baumgarten-spain.com\/wp-content\/uploads\/2018\/10\/20180326-producte-Baumgarten2357-768x768.jpg 768w\" sizes=\"(max-width: 1024px) 100vw, 1024px\" \/><\/figure><div class=\"wp-block-media-text__content\">\n<p class=\"has-medium-font-size\"><strong>Langer Kunststoff-Eckensch\u00fctzer 180 x 140 x 5mm orange\/schwarz<\/strong><\/p>\n\n\n\n<p class=\"has-medium-font-size\">Referenz: A470001-20.<\/p>\n\n\n\n<p class=\"has-medium-font-size\">Material: PE (Polyethylen).<\/p>\n\n\n\n<p class=\"has-medium-font-size\">Gewicht: 1,7 kg\/meter.<\/p>\n\n\n\n<p class=\"has-medium-font-size\">L\u00e4nge: Von 0,30 bis 6 Meter.<\/p>\n\n\n\n<p class=\"has-medium-font-size\">Menge pro Palette: 250 St\u00fcck \/ 1 Meter.<\/p>\n<\/div><\/div>\n<\/div>\n<\/div>\n\n<div style=\"height:40px\" aria-hidden=\"true\" class=\"wp-block-spacer\"><\/div>\n\n<div class=\"wp-block-columns is-layout-flex wp-container-core-columns-is-layout-9d6595d7 wp-block-columns-is-layout-flex\">\n<div class=\"wp-block-column is-layout-flow wp-block-column-is-layout-flow\">\n<div class=\"wp-block-media-text alignwide is-stacked-on-mobile\" style=\"grid-template-columns:43% auto\"><figure class=\"wp-block-media-text__media\"><img decoding=\"async\" width=\"1024\" height=\"1024\" src=\"https:\/\/www.baumgarten-spain.com\/wp-content\/uploads\/2018\/10\/20180326-producte-Baumgarten2372-1024x1024.jpg\" alt=\"\" class=\"wp-image-61 size-full\" srcset=\"https:\/\/www.baumgarten-spain.com\/wp-content\/uploads\/2018\/10\/20180326-producte-Baumgarten2372-1024x1024.jpg 1024w, https:\/\/www.baumgarten-spain.com\/wp-content\/uploads\/2018\/10\/20180326-producte-Baumgarten2372-150x150.jpg 150w, https:\/\/www.baumgarten-spain.com\/wp-content\/uploads\/2018\/10\/20180326-producte-Baumgarten2372-300x300.jpg 300w, https:\/\/www.baumgarten-spain.com\/wp-content\/uploads\/2018\/10\/20180326-producte-Baumgarten2372-768x768.jpg 768w\" sizes=\"(max-width: 1024px) 100vw, 1024px\" \/><\/figure><div class=\"wp-block-media-text__content\">\n<p class=\"has-medium-font-size\"><strong>Langer Kunststoff-Eckensch\u00fctzer 180 x 140 x 6,5 mm<\/strong> <strong>orange\/schwarz<\/strong><\/p>\n\n\n\n<p class=\"has-medium-font-size\">Referenz: A470001-21.<\/p>\n\n\n\n<p class=\"has-medium-font-size\">Material: PE (Polyethylen).<\/p>\n\n\n\n<p class=\"has-medium-font-size\">Gewicht: 2,18 kg\/meter.<\/p>\n\n\n\n<p class=\"has-medium-font-size\">L\u00e4nge: von 0,3 bis 3 Metern.<\/p>\n\n\n\n<p class=\"has-medium-font-size\">Menge pro Palette: 250 Einheiten &#8211; 1 Meter.<\/p>\n\n\n\n<p><\/p>\n<\/div><\/div>\n\n\n\n<div style=\"height:40px\" aria-hidden=\"true\" class=\"wp-block-spacer\"><\/div>\n\n\n\n<div class=\"wp-block-media-text alignwide is-stacked-on-mobile\" style=\"grid-template-columns:48% auto\"><figure class=\"wp-block-media-text__media\"><img loading=\"lazy\" decoding=\"async\" width=\"591\" height=\"529\" src=\"https:\/\/www.baumgarten-spain.com\/wp-content\/uploads\/2022\/05\/image006.jpg\" alt=\"\" class=\"wp-image-598 size-full\" srcset=\"https:\/\/www.baumgarten-spain.com\/wp-content\/uploads\/2022\/05\/image006.jpg 591w, https:\/\/www.baumgarten-spain.com\/wp-content\/uploads\/2022\/05\/image006-300x269.jpg 300w\" sizes=\"(max-width: 591px) 100vw, 591px\" \/><\/figure><div class=\"wp-block-media-text__content\">\n<p class=\"has-medium-font-size\"><strong>Jumbo-Eckensch\u00fctzer<\/strong><\/p>\n\n\n\n<p class=\"has-medium-font-size\">Referenz: A690168 schwarz.<\/p>\n\n\n\n<p class=\"has-medium-font-size\">Material: PP (Polypropylen).<\/p>\n\n\n\n<p class=\"has-medium-font-size\">Gewicht: 248 Gramm \/ St\u00fcck.<\/p>\n\n\n\n<p class=\"has-medium-font-size\">Box: 45 St\u00fcck.<\/p>\n\n\n\n<p class=\"has-medium-font-size\">Menge pro Palette: 900 Einheiten.<\/p>\n<\/div><\/div>\n<\/div>\n\n\n\n<div class=\"wp-block-column is-layout-flow wp-block-column-is-layout-flow\">\n<div class=\"wp-block-media-text alignwide is-stacked-on-mobile\" style=\"grid-template-columns:43% auto\"><figure class=\"wp-block-media-text__media\"><img loading=\"lazy\" decoding=\"async\" width=\"292\" height=\"256\" src=\"https:\/\/www.baumgarten-spain.com\/wp-content\/uploads\/2023\/04\/unnamed.jpeg\" alt=\"\" class=\"wp-image-996 size-full\"\/><\/figure><div class=\"wp-block-media-text__content\">\n<p class=\"has-medium-font-size\"><strong>Geschlossener Eckensch\u00fctzer 50 mm<\/strong><\/p>\n\n\n\n<p class=\"has-medium-font-size\">Referenz: A690174.<\/p>\n\n\n\n<p class=\"has-medium-font-size\">Material: PE (Polyethylen).<\/p>\n\n\n\n<p class=\"has-medium-font-size\"> Gewicht: 0,705 Gramm.<\/p>\n\n\n\n<p class=\"has-medium-font-size\"> Box: 120 St\u00fcck.<\/p>\n\n\n\n<p class=\"has-medium-font-size\">Menge pro Palette: 2.880 Einheiten.<\/p>\n<\/div><\/div>\n<\/div>\n<\/div>\n\n<div style=\"height:60px\" aria-hidden=\"true\" class=\"wp-block-spacer\"><\/div>\n\n<h3 class=\"has-text-align-center has-large-font-size wp-block-heading\">Kontakt<\/h3>\n\n<div style=\"height:40px\" aria-hidden=\"true\" class=\"wp-block-spacer\"><\/div>\n\n<div class=\"wp-block-columns is-layout-flex wp-container-core-columns-is-layout-9d6595d7 wp-block-columns-is-layout-flex\">\n<div class=\"wp-block-column is-layout-flow wp-block-column-is-layout-flow\">\n<div class=\"wpcf7 no-js\" id=\"wpcf7-f1239-o1\" lang=\"es-ES\" dir=\"ltr\" data-wpcf7-id=\"1239\">\n<div class=\"screen-reader-response\"><p role=\"status\" aria-live=\"polite\" aria-atomic=\"true\"><\/p> <ul><\/ul><\/div>\n<form action=\"\/de\/wp-json\/wp\/v2\/pages\/1394#wpcf7-f1239-o1\" method=\"post\" class=\"wpcf7-form init\" aria-label=\"Formulario de contacto\" novalidate=\"novalidate\" data-status=\"init\">\n<fieldset class=\"hidden-fields-container\"><input type=\"hidden\" name=\"_wpcf7\" value=\"1239\" \/><input type=\"hidden\" name=\"_wpcf7_version\" value=\"6.1.5\" \/><input type=\"hidden\" name=\"_wpcf7_locale\" value=\"es_ES\" \/><input type=\"hidden\" name=\"_wpcf7_unit_tag\" value=\"wpcf7-f1239-o1\" \/><input type=\"hidden\" name=\"_wpcf7_container_post\" value=\"0\" \/><input type=\"hidden\" name=\"_wpcf7_posted_data_hash\" value=\"\" \/><input type=\"hidden\" name=\"_extcf7_conditional_options\" value=\"{&quot;form_id&quot;:1239,&quot;conditions&quot;:[]}\" \/><input type=\"hidden\" name=\"_extcf7_redirect_options\" value=\"{&quot;form_id&quot;:1239,&quot;redirect_options&quot;:{&quot;redirection_enable&quot;:&quot;on&quot;,&quot;custom_url_enable&quot;:&quot;off&quot;,&quot;redirect_page&quot;:&quot;https:\\\/\\\/www.baumgarten-spain.com\\\/gracias\\\/&quot;,&quot;custom_urle&quot;:&quot;&quot;,&quot;redirect_new_tab&quot;:&quot;off&quot;,&quot;js_action&quot;:&quot;off&quot;,&quot;javascript_code&quot;:&quot;&quot;}}\" \/><input type=\"hidden\" name=\"_wpcf7_recaptcha_response\" value=\"\" \/>\n<\/fieldset>\n<p><label> Tu nombre<br \/>\n<span class=\"wpcf7-form-control-wrap\" data-name=\"your-name\"><input size=\"40\" maxlength=\"400\" class=\"wpcf7-form-control wpcf7-text wpcf7-validates-as-required\" autocomplete=\"nombre\" aria-required=\"true\" aria-invalid=\"false\" value=\"\" type=\"text\" name=\"your-name\" \/><\/span> <\/label>\n<\/p>\n<p><label> Tu email<br \/>\n<span class=\"wpcf7-form-control-wrap\" data-name=\"your-email\"><input size=\"40\" maxlength=\"400\" class=\"wpcf7-form-control wpcf7-email wpcf7-validates-as-required wpcf7-text wpcf7-validates-as-email\" autocomplete=\"email\" aria-required=\"true\" aria-invalid=\"false\" value=\"\" type=\"email\" name=\"your-email\" \/><\/span> <\/label>\n<\/p>\n<p><label> Mensaje (optional)<br \/>\n<span class=\"wpcf7-form-control-wrap\" data-name=\"your-message\"><textarea cols=\"40\" rows=\"10\" maxlength=\"2000\" class=\"wpcf7-form-control wpcf7-textarea\" aria-invalid=\"false\" name=\"your-message\"><\/textarea><\/span> <\/label>\n<\/p>\n<p><span class=\"wpcf7-form-control-wrap\" data-name=\"acceptance-877\"><span class=\"wpcf7-form-control wpcf7-acceptance\"><span class=\"wpcf7-list-item\"><input type=\"checkbox\" name=\"acceptance-877\" value=\"1\" aria-invalid=\"false\" \/><\/span><\/span><\/span> Acepto las condiciones de uso y <a href=\"https:\/\/www.baumgarten-spain.com\/politica-de-privacidad\/\" target=\"blank\" rel=\"noopener noreferrer\">pol\u00edtica de privacidad<\/a><br \/>\n.\n<\/p>\n<p><input class=\"wpcf7-form-control wpcf7-submit has-spinner\" type=\"submit\" value=\"Enviar\" \/>\n<\/p><input type='hidden' class='wpcf7-pum' value='{\"closepopup\":false,\"closedelay\":0,\"openpopup\":false,\"openpopup_id\":0}' \/><div class=\"wpcf7-response-output\" aria-hidden=\"true\"><\/div>\n<\/form>\n<\/div>\n\n<\/div>\n\n\n\n<div class=\"wp-block-column is-layout-flow wp-block-column-is-layout-flow\">\n<h3 class=\"wp-block-heading\">Kontaktinformationen<\/h3>\n\n\n\n<p>Tel: +34 93 784 71 81 <\/p>\n\n\n\n<p>Tel: +34 93 013 68 35 <\/p>\n\n\n\n<p>Fax: +34 93 784 87 33 <\/p>\n\n\n\n<p>E-Mail: <a href=\"mailto:maribel@baumgarten-spain.com\">maribel@baumgarten-spain.com<\/a><\/p>\n<\/div>\n<\/div>\n\n<p><\/p>\n","protected":false},"excerpt":{"rendered":"<p>Als Hersteller von Eckensch\u00fctzern decken wir die gesamte Bandbreite an Gurten und Ratschen ab, die zur Sicherung der Ladung auf LKWs verwendet werden k\u00f6nnen. Unsere Eckensch\u00fctzer sind ein unverzichtbares Element in Flachbettlastwagen als Zubeh\u00f6r. Es gibt verschiedene Elemente zur Produktsicherheit in Flachbettlastwagen, und eine davon sind die Kunststoff-Eckensch\u00fctzer, die die Ware sch\u00fctzen. Wir k\u00f6nnten sagen, &hellip; <a href=\"https:\/\/www.baumgarten-spain.com\/de\/anhaengerzubehoer-fuer-plattformanhaenger\/\">Weiterlesen<\/a><\/p>\n","protected":false},"author":3,"featured_media":1034,"parent":0,"menu_order":0,"comment_status":"closed","ping_status":"closed","template":"","meta":{"_monsterinsights_skip_tracking":false,"_monsterinsights_sitenote_active":false,"_monsterinsights_sitenote_note":"","_monsterinsights_sitenote_category":0,"_joinchat":[],"footnotes":""},"class_list":["post-1394","page","type-page","status-publish","has-post-thumbnail","hentry"],"yoast_head":"<!-- This site is optimized with the Yoast SEO plugin v27.4 - https:\/\/yoast.com\/product\/yoast-seo-wordpress\/ -->\n<title>Anh\u00e4ngerzubeh\u00f6r f\u00fcr Plattformanh\u00e4nger &#8211; Baumgarten Espa\u00f1a<\/title>\n<meta name=\"description\" content=\"Als Hersteller von Eckensch\u00fctzern decken wir das gesamte Spektrum an Gurten und Spannvorrichtungen ab, die zur Ladungssicherung des Lastwagens verwendet werden k\u00f6nnen.\" \/>\n<meta name=\"robots\" content=\"index, follow, max-snippet:-1, max-image-preview:large, max-video-preview:-1\" \/>\n<link rel=\"canonical\" href=\"https:\/\/www.baumgarten-spain.com\/de\/anhaengerzubehoer-fuer-plattformanhaenger\/\" \/>\n<meta property=\"og:locale\" content=\"de_DE\" \/>\n<meta property=\"og:type\" content=\"article\" \/>\n<meta property=\"og:title\" content=\"Anh\u00e4ngerzubeh\u00f6r f\u00fcr Plattformanh\u00e4nger &#8211; Baumgarten Espa\u00f1a\" \/>\n<meta property=\"og:description\" content=\"Als Hersteller von Eckensch\u00fctzern decken wir das gesamte Spektrum an Gurten und Spannvorrichtungen ab, die zur Ladungssicherung des Lastwagens verwendet werden k\u00f6nnen.\" \/>\n<meta property=\"og:url\" content=\"https:\/\/www.baumgarten-spain.com\/de\/anhaengerzubehoer-fuer-plattformanhaenger\/\" \/>\n<meta property=\"og:site_name\" content=\"Baumgarten Espa\u00f1a\" \/>\n<meta property=\"og:image\" content=\"https:\/\/www.baumgarten-spain.com\/wp-content\/uploads\/2018\/10\/20180326-producte-Baumgarten2357.jpg\" \/>\n\t<meta property=\"og:image:width\" content=\"4802\" \/>\n\t<meta property=\"og:image:height\" content=\"4802\" \/>\n\t<meta property=\"og:image:type\" content=\"image\/jpeg\" \/>\n<meta name=\"twitter:card\" content=\"summary_large_image\" \/>\n<meta name=\"twitter:label1\" content=\"Gesch\u00e4tzte Lesezeit\" \/>\n\t<meta name=\"twitter:data1\" content=\"1\u00a0Minute\" \/>\n<!-- \/ Yoast SEO plugin. -->","yoast_head_json":{"title":"Anh\u00e4ngerzubeh\u00f6r f\u00fcr Plattformanh\u00e4nger &#8211; Baumgarten Espa\u00f1a","description":"Als Hersteller von Eckensch\u00fctzern decken wir das gesamte Spektrum an Gurten und Spannvorrichtungen ab, die zur Ladungssicherung des Lastwagens verwendet werden k\u00f6nnen.","robots":{"index":"index","follow":"follow","max-snippet":"max-snippet:-1","max-image-preview":"max-image-preview:large","max-video-preview":"max-video-preview:-1"},"canonical":"https:\/\/www.baumgarten-spain.com\/de\/anhaengerzubehoer-fuer-plattformanhaenger\/","og_locale":"de_DE","og_type":"article","og_title":"Anh\u00e4ngerzubeh\u00f6r f\u00fcr Plattformanh\u00e4nger &#8211; Baumgarten Espa\u00f1a","og_description":"Als Hersteller von Eckensch\u00fctzern decken wir das gesamte Spektrum an Gurten und Spannvorrichtungen ab, die zur Ladungssicherung des Lastwagens verwendet werden k\u00f6nnen.","og_url":"https:\/\/www.baumgarten-spain.com\/de\/anhaengerzubehoer-fuer-plattformanhaenger\/","og_site_name":"Baumgarten Espa\u00f1a","og_image":[{"width":4802,"height":4802,"url":"https:\/\/www.baumgarten-spain.com\/wp-content\/uploads\/2018\/10\/20180326-producte-Baumgarten2357.jpg","type":"image\/jpeg"}],"twitter_card":"summary_large_image","twitter_misc":{"Gesch\u00e4tzte Lesezeit":"1\u00a0Minute"},"schema":{"@context":"https:\/\/schema.org","@graph":[{"@type":"WebPage","@id":"https:\/\/www.baumgarten-spain.com\/de\/anhaengerzubehoer-fuer-plattformanhaenger\/","url":"https:\/\/www.baumgarten-spain.com\/de\/anhaengerzubehoer-fuer-plattformanhaenger\/","name":"Anh\u00e4ngerzubeh\u00f6r f\u00fcr Plattformanh\u00e4nger &#8211; Baumgarten Espa\u00f1a","isPartOf":{"@id":"https:\/\/www.baumgarten-spain.com\/#website"},"primaryImageOfPage":{"@id":"https:\/\/www.baumgarten-spain.com\/de\/anhaengerzubehoer-fuer-plattformanhaenger\/#primaryimage"},"image":{"@id":"https:\/\/www.baumgarten-spain.com\/de\/anhaengerzubehoer-fuer-plattformanhaenger\/#primaryimage"},"thumbnailUrl":"https:\/\/www.baumgarten-spain.com\/wp-content\/uploads\/2018\/10\/20180326-producte-Baumgarten2357.jpg","datePublished":"2023-06-12T07:06:32+00:00","description":"Als Hersteller von Eckensch\u00fctzern decken wir das gesamte Spektrum an Gurten und Spannvorrichtungen ab, die zur Ladungssicherung des Lastwagens verwendet werden k\u00f6nnen.","breadcrumb":{"@id":"https:\/\/www.baumgarten-spain.com\/de\/anhaengerzubehoer-fuer-plattformanhaenger\/#breadcrumb"},"inLanguage":"de","potentialAction":[{"@type":"ReadAction","target":["https:\/\/www.baumgarten-spain.com\/de\/anhaengerzubehoer-fuer-plattformanhaenger\/"]}]},{"@type":"ImageObject","inLanguage":"de","@id":"https:\/\/www.baumgarten-spain.com\/de\/anhaengerzubehoer-fuer-plattformanhaenger\/#primaryimage","url":"https:\/\/www.baumgarten-spain.com\/wp-content\/uploads\/2018\/10\/20180326-producte-Baumgarten2357.jpg","contentUrl":"https:\/\/www.baumgarten-spain.com\/wp-content\/uploads\/2018\/10\/20180326-producte-Baumgarten2357.jpg","width":4802,"height":4802,"caption":"20180326 - producte - Baumgarten2357"},{"@type":"BreadcrumbList","@id":"https:\/\/www.baumgarten-spain.com\/de\/anhaengerzubehoer-fuer-plattformanhaenger\/#breadcrumb","itemListElement":[{"@type":"ListItem","position":1,"name":"Portada","item":"https:\/\/www.baumgarten-spain.com\/de\/"},{"@type":"ListItem","position":2,"name":"Anh\u00e4ngerzubeh\u00f6r f\u00fcr Plattformanh\u00e4nger"}]},{"@type":"WebSite","@id":"https:\/\/www.baumgarten-spain.com\/#website","url":"https:\/\/www.baumgarten-spain.com\/","name":"Baumgarten Espa\u00f1a","description":"","publisher":{"@id":"https:\/\/www.baumgarten-spain.com\/#organization"},"potentialAction":[{"@type":"SearchAction","target":{"@type":"EntryPoint","urlTemplate":"https:\/\/www.baumgarten-spain.com\/?s={search_term_string}"},"query-input":{"@type":"PropertyValueSpecification","valueRequired":true,"valueName":"search_term_string"}}],"inLanguage":"de"},{"@type":"Organization","@id":"https:\/\/www.baumgarten-spain.com\/#organization","name":"Baumgarten Espa\u00f1a SL","url":"https:\/\/www.baumgarten-spain.com\/","logo":{"@type":"ImageObject","inLanguage":"de","@id":"https:\/\/www.baumgarten-spain.com\/#\/schema\/logo\/image\/","url":"https:\/\/www.baumgarten-spain.com\/wp-content\/uploads\/2023\/03\/logo.png","contentUrl":"https:\/\/www.baumgarten-spain.com\/wp-content\/uploads\/2023\/03\/logo.png","width":23,"height":32,"caption":"Baumgarten Espa\u00f1a SL"},"image":{"@id":"https:\/\/www.baumgarten-spain.com\/#\/schema\/logo\/image\/"}}]}},"_links":{"self":[{"href":"https:\/\/www.baumgarten-spain.com\/de\/wp-json\/wp\/v2\/pages\/1394","targetHints":{"allow":["GET"]}}],"collection":[{"href":"https:\/\/www.baumgarten-spain.com\/de\/wp-json\/wp\/v2\/pages"}],"about":[{"href":"https:\/\/www.baumgarten-spain.com\/de\/wp-json\/wp\/v2\/types\/page"}],"author":[{"embeddable":true,"href":"https:\/\/www.baumgarten-spain.com\/de\/wp-json\/wp\/v2\/users\/3"}],"replies":[{"embeddable":true,"href":"https:\/\/www.baumgarten-spain.com\/de\/wp-json\/wp\/v2\/comments?post=1394"}],"version-history":[{"count":1,"href":"https:\/\/www.baumgarten-spain.com\/de\/wp-json\/wp\/v2\/pages\/1394\/revisions"}],"predecessor-version":[{"id":1395,"href":"https:\/\/www.baumgarten-spain.com\/de\/wp-json\/wp\/v2\/pages\/1394\/revisions\/1395"}],"wp:featuredmedia":[{"embeddable":true,"href":"https:\/\/www.baumgarten-spain.com\/de\/wp-json\/wp\/v2\/media\/1034"}],"wp:attachment":[{"href":"https:\/\/www.baumgarten-spain.com\/de\/wp-json\/wp\/v2\/media?parent=1394"}],"curies":[{"name":"wp","href":"https:\/\/api.w.org\/{rel}","templated":true}]}}