{"id":1294,"date":"2023-05-24T09:51:04","date_gmt":"2023-05-24T08:51:04","guid":{"rendered":"https:\/\/www.baumgarten-spain.com\/blog\/"},"modified":"2024-07-30T08:39:32","modified_gmt":"2024-07-30T07:39:32","slug":"blog","status":"publish","type":"page","link":"https:\/\/www.baumgarten-spain.com\/de\/blog\/","title":{"rendered":"Blog"},"content":{"rendered":"\n<div class=\"wp-block-query is-layout-flow wp-block-query-is-layout-flow\"><ul class=\"wp-block-post-template is-layout-flow wp-block-post-template-is-layout-flow\"><li class=\"wp-block-post post-2352 post type-post status-publish format-standard has-post-thumbnail hentry category-unkategorisiert\">\n\n<div class=\"wp-block-columns are-vertically-aligned-center is-layout-flex wp-container-core-columns-is-layout-9d6595d7 wp-block-columns-is-layout-flex\">\n<div class=\"wp-block-column is-vertically-aligned-center is-layout-flow wp-block-column-is-layout-flow\" style=\"flex-basis:25%\"><figure class=\"wp-block-post-featured-image\"><a href=\"https:\/\/www.baumgarten-spain.com\/de\/bereiche-in-denen-eckstuecke-beschwerden-reduzieren-daemmplatten-ziegelsteine-keramik-holz-haushaltsgeraete\/\" target=\"_self\"  ><img fetchpriority=\"high\" decoding=\"async\" width=\"1000\" height=\"667\" src=\"https:\/\/www.baumgarten-spain.com\/wp-content\/uploads\/2025\/12\/sectores-cantoneras-transporte.jpg\" class=\"attachment-post-thumbnail size-post-thumbnail wp-post-image\" alt=\"Bereiche, in denen Eckst\u00fccke Reklamationen reduzieren: D\u00e4mmplatten, Ziegelsteine, Keramik, Holz Poroton, Haushaltsger\u00e4te\" style=\"object-fit:cover;\" srcset=\"https:\/\/www.baumgarten-spain.com\/wp-content\/uploads\/2025\/12\/sectores-cantoneras-transporte.jpg 1000w, https:\/\/www.baumgarten-spain.com\/wp-content\/uploads\/2025\/12\/sectores-cantoneras-transporte-300x200.jpg 300w, https:\/\/www.baumgarten-spain.com\/wp-content\/uploads\/2025\/12\/sectores-cantoneras-transporte-768x512.jpg 768w\" sizes=\"(max-width: 1000px) 100vw, 1000px\" \/><\/a><\/figure><\/div>\n\n\n\n<div class=\"wp-block-column is-vertically-aligned-center is-layout-flow wp-block-column-is-layout-flow\" style=\"flex-basis:75%\"><h2 class=\"wp-block-post-title\"><a href=\"https:\/\/www.baumgarten-spain.com\/de\/bereiche-in-denen-eckstuecke-beschwerden-reduzieren-daemmplatten-ziegelsteine-keramik-holz-haushaltsgeraete\/\" target=\"_self\" >Bereiche, in denen Eckst\u00fccke Reklamationen reduzieren: D\u00e4mmplatten, Ziegelsteine, Keramik, Holz Poroton, Haushaltsger\u00e4te<\/a><\/h2><\/div>\n<\/div>\n\n<\/li><li class=\"wp-block-post post-2315 post type-post status-publish format-standard has-post-thumbnail hentry category-unkategorisiert\">\n\n<div class=\"wp-block-columns are-vertically-aligned-center is-layout-flex wp-container-core-columns-is-layout-9d6595d7 wp-block-columns-is-layout-flex\">\n<div class=\"wp-block-column is-vertically-aligned-center is-layout-flow wp-block-column-is-layout-flow\" style=\"flex-basis:25%\"><figure class=\"wp-block-post-featured-image\"><a href=\"https:\/\/www.baumgarten-spain.com\/de\/vergleich-kunststoff-eckenschutz-vs-karton-eckenschutz-was-ist-die-bessere-wahl\/\" target=\"_self\"  ><img decoding=\"async\" width=\"1000\" height=\"587\" src=\"https:\/\/www.baumgarten-spain.com\/wp-content\/uploads\/2025\/07\/cantonera-proteccion-transporte.jpg\" class=\"attachment-post-thumbnail size-post-thumbnail wp-post-image\" alt=\"Vergleich: Kunststoff-Eckenschutz vs. Karton-Eckenschutz \u2013 was ist die bessere Wahl?\" style=\"object-fit:cover;\" srcset=\"https:\/\/www.baumgarten-spain.com\/wp-content\/uploads\/2025\/07\/cantonera-proteccion-transporte.jpg 1000w, https:\/\/www.baumgarten-spain.com\/wp-content\/uploads\/2025\/07\/cantonera-proteccion-transporte-300x176.jpg 300w, https:\/\/www.baumgarten-spain.com\/wp-content\/uploads\/2025\/07\/cantonera-proteccion-transporte-768x451.jpg 768w\" sizes=\"(max-width: 1000px) 100vw, 1000px\" \/><\/a><\/figure><\/div>\n\n\n\n<div class=\"wp-block-column is-vertically-aligned-center is-layout-flow wp-block-column-is-layout-flow\" style=\"flex-basis:75%\"><h2 class=\"wp-block-post-title\"><a href=\"https:\/\/www.baumgarten-spain.com\/de\/vergleich-kunststoff-eckenschutz-vs-karton-eckenschutz-was-ist-die-bessere-wahl\/\" target=\"_self\" >Vergleich: Kunststoff-Eckenschutz vs. Karton-Eckenschutz \u2013 was ist die bessere Wahl?<\/a><\/h2><\/div>\n<\/div>\n\n<\/li><li class=\"wp-block-post post-2202 post type-post status-publish format-standard has-post-thumbnail hentry category-unkategorisiert\">\n\n<div class=\"wp-block-columns are-vertically-aligned-center is-layout-flex wp-container-core-columns-is-layout-9d6595d7 wp-block-columns-is-layout-flex\">\n<div class=\"wp-block-column is-vertically-aligned-center is-layout-flow wp-block-column-is-layout-flow\" style=\"flex-basis:25%\"><figure class=\"wp-block-post-featured-image\"><a href=\"https:\/\/www.baumgarten-spain.com\/de\/die-5-haeufigsten-fehler-bei-der-verwendung-von-eckenschuetzern-in-der-logistik-und-wie-man-sie-vermeiden-kann\/\" target=\"_self\"  ><img decoding=\"async\" width=\"1000\" height=\"665\" src=\"https:\/\/www.baumgarten-spain.com\/wp-content\/uploads\/2025\/02\/proteccion-cantoneras-transporte.jpg\" class=\"attachment-post-thumbnail size-post-thumbnail wp-post-image\" alt=\"Die 5 h\u00e4ufigsten Fehler bei der Verwendung von Eckensch\u00fctzern in der Logistik und wie man sie vermeiden kann\" style=\"object-fit:cover;\" srcset=\"https:\/\/www.baumgarten-spain.com\/wp-content\/uploads\/2025\/02\/proteccion-cantoneras-transporte.jpg 1000w, https:\/\/www.baumgarten-spain.com\/wp-content\/uploads\/2025\/02\/proteccion-cantoneras-transporte-300x200.jpg 300w, https:\/\/www.baumgarten-spain.com\/wp-content\/uploads\/2025\/02\/proteccion-cantoneras-transporte-768x511.jpg 768w\" sizes=\"(max-width: 1000px) 100vw, 1000px\" \/><\/a><\/figure><\/div>\n\n\n\n<div class=\"wp-block-column is-vertically-aligned-center is-layout-flow wp-block-column-is-layout-flow\" style=\"flex-basis:75%\"><h2 class=\"wp-block-post-title\"><a href=\"https:\/\/www.baumgarten-spain.com\/de\/die-5-haeufigsten-fehler-bei-der-verwendung-von-eckenschuetzern-in-der-logistik-und-wie-man-sie-vermeiden-kann\/\" target=\"_self\" >Die 5 h\u00e4ufigsten Fehler bei der Verwendung von Eckensch\u00fctzern in der Logistik und wie man sie vermeiden kann<\/a><\/h2><\/div>\n<\/div>\n\n<\/li><li class=\"wp-block-post post-2185 post type-post status-publish format-standard has-post-thumbnail hentry category-unkategorisiert\">\n\n<div class=\"wp-block-columns are-vertically-aligned-center is-layout-flex wp-container-core-columns-is-layout-9d6595d7 wp-block-columns-is-layout-flex\">\n<div class=\"wp-block-column is-vertically-aligned-center is-layout-flow wp-block-column-is-layout-flow\" style=\"flex-basis:25%\"><figure class=\"wp-block-post-featured-image\"><a href=\"https:\/\/www.baumgarten-spain.com\/de\/tipps-fuer-die-richtige-ladungssicherung-auf-lastkraftwagen\/\" target=\"_self\"  ><img loading=\"lazy\" decoding=\"async\" width=\"1000\" height=\"593\" src=\"https:\/\/www.baumgarten-spain.com\/wp-content\/uploads\/2025\/01\/sujecion-mercancia-camiones.jpg\" class=\"attachment-post-thumbnail size-post-thumbnail wp-post-image\" alt=\"Tipps f\u00fcr die richtige Ladungssicherung auf Lastkraftwagen\" style=\"object-fit:cover;\" srcset=\"https:\/\/www.baumgarten-spain.com\/wp-content\/uploads\/2025\/01\/sujecion-mercancia-camiones.jpg 1000w, https:\/\/www.baumgarten-spain.com\/wp-content\/uploads\/2025\/01\/sujecion-mercancia-camiones-300x178.jpg 300w, https:\/\/www.baumgarten-spain.com\/wp-content\/uploads\/2025\/01\/sujecion-mercancia-camiones-768x455.jpg 768w\" sizes=\"(max-width: 1000px) 100vw, 1000px\" \/><\/a><\/figure><\/div>\n\n\n\n<div class=\"wp-block-column is-vertically-aligned-center is-layout-flow wp-block-column-is-layout-flow\" style=\"flex-basis:75%\"><h2 class=\"wp-block-post-title\"><a href=\"https:\/\/www.baumgarten-spain.com\/de\/tipps-fuer-die-richtige-ladungssicherung-auf-lastkraftwagen\/\" target=\"_self\" >Tipps f\u00fcr die richtige Ladungssicherung auf Lastkraftwagen<\/a><\/h2><\/div>\n<\/div>\n\n<\/li><li class=\"wp-block-post post-2104 post type-post status-publish format-standard has-post-thumbnail hentry category-unkategorisiert\">\n\n<div class=\"wp-block-columns are-vertically-aligned-center is-layout-flex wp-container-core-columns-is-layout-9d6595d7 wp-block-columns-is-layout-flex\">\n<div class=\"wp-block-column is-vertically-aligned-center is-layout-flow wp-block-column-is-layout-flow\" style=\"flex-basis:25%\"><figure class=\"wp-block-post-featured-image\"><a href=\"https:\/\/www.baumgarten-spain.com\/de\/was-ist-bakelit\/\" target=\"_self\"  ><img loading=\"lazy\" decoding=\"async\" width=\"1000\" height=\"667\" src=\"https:\/\/www.baumgarten-spain.com\/wp-content\/uploads\/2024\/08\/baquelita.webp\" class=\"attachment-post-thumbnail size-post-thumbnail wp-post-image\" alt=\"Was ist Bakelit?\" style=\"object-fit:cover;\" srcset=\"https:\/\/www.baumgarten-spain.com\/wp-content\/uploads\/2024\/08\/baquelita.webp 1000w, https:\/\/www.baumgarten-spain.com\/wp-content\/uploads\/2024\/08\/baquelita-300x200.webp 300w, https:\/\/www.baumgarten-spain.com\/wp-content\/uploads\/2024\/08\/baquelita-768x512.webp 768w\" sizes=\"(max-width: 1000px) 100vw, 1000px\" \/><\/a><\/figure><\/div>\n\n\n\n<div class=\"wp-block-column is-vertically-aligned-center is-layout-flow wp-block-column-is-layout-flow\" style=\"flex-basis:75%\"><h2 class=\"wp-block-post-title\"><a href=\"https:\/\/www.baumgarten-spain.com\/de\/was-ist-bakelit\/\" target=\"_self\" >Was ist Bakelit?<\/a><\/h2><\/div>\n<\/div>\n\n<\/li><li class=\"wp-block-post post-2100 post type-post status-publish format-standard has-post-thumbnail hentry category-unkategorisiert\">\n\n<div class=\"wp-block-columns are-vertically-aligned-center is-layout-flex wp-container-core-columns-is-layout-9d6595d7 wp-block-columns-is-layout-flex\">\n<div class=\"wp-block-column is-vertically-aligned-center is-layout-flow wp-block-column-is-layout-flow\" style=\"flex-basis:25%\"><figure class=\"wp-block-post-featured-image\"><a href=\"https:\/\/www.baumgarten-spain.com\/de\/wie-waehlen-sie-die-richtigen-eckschutzfolien-fuerihre-waren-aus\/\" target=\"_self\"  ><img loading=\"lazy\" decoding=\"async\" width=\"1000\" height=\"398\" src=\"https:\/\/www.baumgarten-spain.com\/wp-content\/uploads\/2024\/07\/cantonera-proteccion-transporte-mercancia.webp\" class=\"attachment-post-thumbnail size-post-thumbnail wp-post-image\" alt=\"Wie w\u00e4hlen Sie die richtigen Eckschutzfolien f\u00fcrIhre Waren aus?\" style=\"object-fit:cover;\" srcset=\"https:\/\/www.baumgarten-spain.com\/wp-content\/uploads\/2024\/07\/cantonera-proteccion-transporte-mercancia.webp 1000w, https:\/\/www.baumgarten-spain.com\/wp-content\/uploads\/2024\/07\/cantonera-proteccion-transporte-mercancia-300x119.webp 300w, https:\/\/www.baumgarten-spain.com\/wp-content\/uploads\/2024\/07\/cantonera-proteccion-transporte-mercancia-768x306.webp 768w\" sizes=\"(max-width: 1000px) 100vw, 1000px\" \/><\/a><\/figure><\/div>\n\n\n\n<div class=\"wp-block-column is-vertically-aligned-center is-layout-flow wp-block-column-is-layout-flow\" style=\"flex-basis:75%\"><h2 class=\"wp-block-post-title\"><a href=\"https:\/\/www.baumgarten-spain.com\/de\/wie-waehlen-sie-die-richtigen-eckschutzfolien-fuerihre-waren-aus\/\" target=\"_self\" >Wie w\u00e4hlen Sie die richtigen Eckschutzfolien f\u00fcr<br>Ihre Waren aus?<\/a><\/h2><\/div>\n<\/div>\n\n<\/li><li class=\"wp-block-post post-2096 post type-post status-publish format-standard has-post-thumbnail hentry category-unkategorisiert\">\n\n<div class=\"wp-block-columns are-vertically-aligned-center is-layout-flex wp-container-core-columns-is-layout-9d6595d7 wp-block-columns-is-layout-flex\">\n<div class=\"wp-block-column is-vertically-aligned-center is-layout-flow wp-block-column-is-layout-flow\" style=\"flex-basis:25%\"><figure class=\"wp-block-post-featured-image\"><a href=\"https:\/\/www.baumgarten-spain.com\/de\/so-waehlen-sie-je-nach-warenart-das-richtige-umreifungsband-aus\/\" target=\"_self\"  ><img loading=\"lazy\" decoding=\"async\" width=\"1920\" height=\"1277\" src=\"https:\/\/www.baumgarten-spain.com\/wp-content\/uploads\/2023\/09\/chuttersnap-BNBA1h-NgdY-unsplash.jpg\" class=\"attachment-post-thumbnail size-post-thumbnail wp-post-image\" alt=\"So w\u00e4hlen Sie je nach Warenart das richtige Umreifungsband aus\" style=\"object-fit:cover;\" srcset=\"https:\/\/www.baumgarten-spain.com\/wp-content\/uploads\/2023\/09\/chuttersnap-BNBA1h-NgdY-unsplash.jpg 1920w, https:\/\/www.baumgarten-spain.com\/wp-content\/uploads\/2023\/09\/chuttersnap-BNBA1h-NgdY-unsplash-300x200.jpg 300w, https:\/\/www.baumgarten-spain.com\/wp-content\/uploads\/2023\/09\/chuttersnap-BNBA1h-NgdY-unsplash-1024x681.jpg 1024w, https:\/\/www.baumgarten-spain.com\/wp-content\/uploads\/2023\/09\/chuttersnap-BNBA1h-NgdY-unsplash-768x511.jpg 768w, https:\/\/www.baumgarten-spain.com\/wp-content\/uploads\/2023\/09\/chuttersnap-BNBA1h-NgdY-unsplash-1536x1022.jpg 1536w\" sizes=\"(max-width: 1920px) 100vw, 1920px\" \/><\/a><\/figure><\/div>\n\n\n\n<div class=\"wp-block-column is-vertically-aligned-center is-layout-flow wp-block-column-is-layout-flow\" style=\"flex-basis:75%\"><h2 class=\"wp-block-post-title\"><a href=\"https:\/\/www.baumgarten-spain.com\/de\/so-waehlen-sie-je-nach-warenart-das-richtige-umreifungsband-aus\/\" target=\"_self\" >So w\u00e4hlen Sie je nach Warenart das richtige Umreifungsband aus<\/a><\/h2><\/div>\n<\/div>\n\n<\/li><li class=\"wp-block-post post-2092 post type-post status-publish format-standard has-post-thumbnail hentry category-unkategorisiert\">\n\n<div class=\"wp-block-columns are-vertically-aligned-center is-layout-flex wp-container-core-columns-is-layout-9d6595d7 wp-block-columns-is-layout-flex\">\n<div class=\"wp-block-column is-vertically-aligned-center is-layout-flow wp-block-column-is-layout-flow\" style=\"flex-basis:25%\"><figure class=\"wp-block-post-featured-image\"><a href=\"https:\/\/www.baumgarten-spain.com\/de\/umweltvorteile-durch-die-verwendung-von-recycelbarem-eckenschutz\/\" target=\"_self\"  ><img loading=\"lazy\" decoding=\"async\" width=\"1920\" height=\"997\" src=\"https:\/\/www.baumgarten-spain.com\/wp-content\/uploads\/2023\/09\/sander-yigin-ki19VJAGh6w-unsplash.jpg\" class=\"attachment-post-thumbnail size-post-thumbnail wp-post-image\" alt=\"Umweltvorteile durch die Verwendung von recycelbarem Eckenschutz\" style=\"object-fit:cover;\" srcset=\"https:\/\/www.baumgarten-spain.com\/wp-content\/uploads\/2023\/09\/sander-yigin-ki19VJAGh6w-unsplash.jpg 1920w, https:\/\/www.baumgarten-spain.com\/wp-content\/uploads\/2023\/09\/sander-yigin-ki19VJAGh6w-unsplash-300x156.jpg 300w, https:\/\/www.baumgarten-spain.com\/wp-content\/uploads\/2023\/09\/sander-yigin-ki19VJAGh6w-unsplash-1024x532.jpg 1024w, https:\/\/www.baumgarten-spain.com\/wp-content\/uploads\/2023\/09\/sander-yigin-ki19VJAGh6w-unsplash-768x399.jpg 768w, https:\/\/www.baumgarten-spain.com\/wp-content\/uploads\/2023\/09\/sander-yigin-ki19VJAGh6w-unsplash-1536x798.jpg 1536w\" sizes=\"(max-width: 1920px) 100vw, 1920px\" \/><\/a><\/figure><\/div>\n\n\n\n<div class=\"wp-block-column is-vertically-aligned-center is-layout-flow wp-block-column-is-layout-flow\" style=\"flex-basis:75%\"><h2 class=\"wp-block-post-title\"><a href=\"https:\/\/www.baumgarten-spain.com\/de\/umweltvorteile-durch-die-verwendung-von-recycelbarem-eckenschutz\/\" target=\"_self\" >Umweltvorteile durch die Verwendung von recycelbarem Eckenschutz<\/a><\/h2><\/div>\n<\/div>\n\n<\/li><li class=\"wp-block-post post-2088 post type-post status-publish format-standard has-post-thumbnail hentry category-unkategorisiert\">\n\n<div class=\"wp-block-columns are-vertically-aligned-center is-layout-flex wp-container-core-columns-is-layout-9d6595d7 wp-block-columns-is-layout-flex\">\n<div class=\"wp-block-column is-vertically-aligned-center is-layout-flow wp-block-column-is-layout-flow\" style=\"flex-basis:25%\"><figure class=\"wp-block-post-featured-image\"><a href=\"https:\/\/www.baumgarten-spain.com\/de\/zubehoer-zur-ladungssicherung-beim-transport\/\" target=\"_self\"  ><img loading=\"lazy\" decoding=\"async\" width=\"672\" height=\"622\" src=\"https:\/\/www.baumgarten-spain.com\/wp-content\/uploads\/2023\/04\/Plastic-corner-protector.jpg\" class=\"attachment-post-thumbnail size-post-thumbnail wp-post-image\" alt=\"Zubeh\u00f6r zur Ladungssicherung beim Transport\" style=\"object-fit:cover;\" srcset=\"https:\/\/www.baumgarten-spain.com\/wp-content\/uploads\/2023\/04\/Plastic-corner-protector.jpg 672w, https:\/\/www.baumgarten-spain.com\/wp-content\/uploads\/2023\/04\/Plastic-corner-protector-300x278.jpg 300w\" sizes=\"(max-width: 672px) 100vw, 672px\" \/><\/a><\/figure><\/div>\n\n\n\n<div class=\"wp-block-column is-vertically-aligned-center is-layout-flow wp-block-column-is-layout-flow\" style=\"flex-basis:75%\"><h2 class=\"wp-block-post-title\"><a href=\"https:\/\/www.baumgarten-spain.com\/de\/zubehoer-zur-ladungssicherung-beim-transport\/\" target=\"_self\" >Zubeh\u00f6r zur Ladungssicherung beim Transport<\/a><\/h2><\/div>\n<\/div>\n\n<\/li><li class=\"wp-block-post post-2084 post type-post status-publish format-standard has-post-thumbnail hentry category-unkategorisiert\">\n\n<div class=\"wp-block-columns are-vertically-aligned-center is-layout-flex wp-container-core-columns-is-layout-9d6595d7 wp-block-columns-is-layout-flex\">\n<div class=\"wp-block-column is-vertically-aligned-center is-layout-flow wp-block-column-is-layout-flow\" style=\"flex-basis:25%\"><figure class=\"wp-block-post-featured-image\"><a href=\"https:\/\/www.baumgarten-spain.com\/de\/so-vermeiden-sie-beschaedigungen-an-kanten-und-ecken-beim-transport\/\" target=\"_self\"  ><img loading=\"lazy\" decoding=\"async\" width=\"1280\" height=\"853\" src=\"https:\/\/www.baumgarten-spain.com\/wp-content\/uploads\/2024\/02\/truck-2755172_1280.jpg\" class=\"attachment-post-thumbnail size-post-thumbnail wp-post-image\" alt=\"So vermeiden Sie Besch\u00e4digungen an Kanten und Ecken beim Transport\" style=\"object-fit:cover;\" srcset=\"https:\/\/www.baumgarten-spain.com\/wp-content\/uploads\/2024\/02\/truck-2755172_1280.jpg 1280w, https:\/\/www.baumgarten-spain.com\/wp-content\/uploads\/2024\/02\/truck-2755172_1280-300x200.jpg 300w, https:\/\/www.baumgarten-spain.com\/wp-content\/uploads\/2024\/02\/truck-2755172_1280-1024x682.jpg 1024w, https:\/\/www.baumgarten-spain.com\/wp-content\/uploads\/2024\/02\/truck-2755172_1280-768x512.jpg 768w\" sizes=\"(max-width: 1280px) 100vw, 1280px\" \/><\/a><\/figure><\/div>\n\n\n\n<div class=\"wp-block-column is-vertically-aligned-center is-layout-flow wp-block-column-is-layout-flow\" style=\"flex-basis:75%\"><h2 class=\"wp-block-post-title\"><a href=\"https:\/\/www.baumgarten-spain.com\/de\/so-vermeiden-sie-beschaedigungen-an-kanten-und-ecken-beim-transport\/\" target=\"_self\" >So vermeiden Sie Besch\u00e4digungen an Kanten und Ecken beim Transport<\/a><\/h2><\/div>\n<\/div>\n\n<\/li><li class=\"wp-block-post post-2080 post type-post status-publish format-standard has-post-thumbnail hentry category-unkategorisiert\">\n\n<div class=\"wp-block-columns are-vertically-aligned-center is-layout-flex wp-container-core-columns-is-layout-9d6595d7 wp-block-columns-is-layout-flex\">\n<div class=\"wp-block-column is-vertically-aligned-center is-layout-flow wp-block-column-is-layout-flow\" style=\"flex-basis:25%\"><figure class=\"wp-block-post-featured-image\"><a href=\"https:\/\/www.baumgarten-spain.com\/de\/wirtschaftlichkeit-und-nachhaltigkeit-wiederverwendbare-eckenschuetzer-im-transportwesen\/\" target=\"_self\"  ><img loading=\"lazy\" decoding=\"async\" width=\"1280\" height=\"853\" src=\"https:\/\/www.baumgarten-spain.com\/wp-content\/uploads\/2024\/06\/pexels-500photos-com-15338-93398.jpg\" class=\"attachment-post-thumbnail size-post-thumbnail wp-post-image\" alt=\"Wirtschaftlichkeit und Nachhaltigkeit: Wiederverwendbare Eckensch\u00fctzer im Transportwesen\" style=\"object-fit:cover;\" srcset=\"https:\/\/www.baumgarten-spain.com\/wp-content\/uploads\/2024\/06\/pexels-500photos-com-15338-93398.jpg 1280w, https:\/\/www.baumgarten-spain.com\/wp-content\/uploads\/2024\/06\/pexels-500photos-com-15338-93398-300x200.jpg 300w, https:\/\/www.baumgarten-spain.com\/wp-content\/uploads\/2024\/06\/pexels-500photos-com-15338-93398-1024x682.jpg 1024w, https:\/\/www.baumgarten-spain.com\/wp-content\/uploads\/2024\/06\/pexels-500photos-com-15338-93398-768x512.jpg 768w\" sizes=\"(max-width: 1280px) 100vw, 1280px\" \/><\/a><\/figure><\/div>\n\n\n\n<div class=\"wp-block-column is-vertically-aligned-center is-layout-flow wp-block-column-is-layout-flow\" style=\"flex-basis:75%\"><h2 class=\"wp-block-post-title\"><a href=\"https:\/\/www.baumgarten-spain.com\/de\/wirtschaftlichkeit-und-nachhaltigkeit-wiederverwendbare-eckenschuetzer-im-transportwesen\/\" target=\"_self\" >Wirtschaftlichkeit und Nachhaltigkeit: Wiederverwendbare Eckensch\u00fctzer im Transportwesen<\/a><\/h2><\/div>\n<\/div>\n\n<\/li><li class=\"wp-block-post post-1436 post type-post status-publish format-standard has-post-thumbnail hentry category-unkategorisiert\">\n\n<div class=\"wp-block-columns are-vertically-aligned-center is-layout-flex wp-container-core-columns-is-layout-9d6595d7 wp-block-columns-is-layout-flex\">\n<div class=\"wp-block-column is-vertically-aligned-center is-layout-flow wp-block-column-is-layout-flow\" style=\"flex-basis:25%\"><figure class=\"wp-block-post-featured-image\"><a href=\"https:\/\/www.baumgarten-spain.com\/de\/massnahmen-zur-sicherheit-von-lastwagen\/\" target=\"_self\"  ><img loading=\"lazy\" decoding=\"async\" width=\"1280\" height=\"853\" src=\"https:\/\/www.baumgarten-spain.com\/wp-content\/uploads\/2023\/06\/Medidas-de-Seguridad-Esenciales-para-Camiones-1.jpg\" class=\"attachment-post-thumbnail size-post-thumbnail wp-post-image\" alt=\"Ma\u00dfnahmen zur Sicherheit von Lastwagen\" style=\"object-fit:cover;\" srcset=\"https:\/\/www.baumgarten-spain.com\/wp-content\/uploads\/2023\/06\/Medidas-de-Seguridad-Esenciales-para-Camiones-1.jpg 1280w, https:\/\/www.baumgarten-spain.com\/wp-content\/uploads\/2023\/06\/Medidas-de-Seguridad-Esenciales-para-Camiones-1-300x200.jpg 300w, https:\/\/www.baumgarten-spain.com\/wp-content\/uploads\/2023\/06\/Medidas-de-Seguridad-Esenciales-para-Camiones-1-1024x682.jpg 1024w, https:\/\/www.baumgarten-spain.com\/wp-content\/uploads\/2023\/06\/Medidas-de-Seguridad-Esenciales-para-Camiones-1-768x512.jpg 768w\" sizes=\"(max-width: 1280px) 100vw, 1280px\" \/><\/a><\/figure><\/div>\n\n\n\n<div class=\"wp-block-column is-vertically-aligned-center is-layout-flow wp-block-column-is-layout-flow\" style=\"flex-basis:75%\"><h2 class=\"wp-block-post-title\"><a href=\"https:\/\/www.baumgarten-spain.com\/de\/massnahmen-zur-sicherheit-von-lastwagen\/\" target=\"_self\" >Ma\u00dfnahmen zur Sicherheit von Lastwagen<\/a><\/h2><\/div>\n<\/div>\n\n<\/li><li class=\"wp-block-post post-1301 post type-post status-publish format-standard has-post-thumbnail hentry category-unkategorisiert\">\n\n<div class=\"wp-block-columns are-vertically-aligned-center is-layout-flex wp-container-core-columns-is-layout-9d6595d7 wp-block-columns-is-layout-flex\">\n<div class=\"wp-block-column is-vertically-aligned-center is-layout-flow wp-block-column-is-layout-flow\" style=\"flex-basis:25%\"><figure class=\"wp-block-post-featured-image\"><a href=\"https:\/\/www.baumgarten-spain.com\/de\/ladekantenschutz-aus-kunststoff\/\" target=\"_self\"  ><img loading=\"lazy\" decoding=\"async\" width=\"292\" height=\"256\" src=\"https:\/\/www.baumgarten-spain.com\/wp-content\/uploads\/2023\/04\/unnamed.jpeg\" class=\"attachment-post-thumbnail size-post-thumbnail wp-post-image\" alt=\"Ladekantenschutz aus Kunststoff\" style=\"object-fit:cover;\" \/><\/a><\/figure><\/div>\n\n\n\n<div class=\"wp-block-column is-vertically-aligned-center is-layout-flow wp-block-column-is-layout-flow\" style=\"flex-basis:75%\"><h2 class=\"wp-block-post-title\"><a href=\"https:\/\/www.baumgarten-spain.com\/de\/ladekantenschutz-aus-kunststoff\/\" target=\"_self\" >Ladekantenschutz aus Kunststoff<\/a><\/h2><\/div>\n<\/div>\n\n<\/li><li class=\"wp-block-post post-1283 post type-post status-publish format-standard has-post-thumbnail hentry category-unkategorisiert\">\n\n<div class=\"wp-block-columns are-vertically-aligned-center is-layout-flex wp-container-core-columns-is-layout-9d6595d7 wp-block-columns-is-layout-flex\">\n<div class=\"wp-block-column is-vertically-aligned-center is-layout-flow wp-block-column-is-layout-flow\" style=\"flex-basis:25%\"><figure class=\"wp-block-post-featured-image\"><a href=\"https:\/\/www.baumgarten-spain.com\/de\/praeventive-wartung-bei-frachttransport-lkw\/\" target=\"_self\"  ><img loading=\"lazy\" decoding=\"async\" width=\"1280\" height=\"853\" src=\"https:\/\/www.baumgarten-spain.com\/wp-content\/uploads\/2023\/05\/Mantenimiento-preventivo-en-camiones-de-transporte-de-mercancia.jpg\" class=\"attachment-post-thumbnail size-post-thumbnail wp-post-image\" alt=\"Pr\u00e4ventive Wartung bei Frachttransport-LKW\" style=\"object-fit:cover;\" srcset=\"https:\/\/www.baumgarten-spain.com\/wp-content\/uploads\/2023\/05\/Mantenimiento-preventivo-en-camiones-de-transporte-de-mercancia.jpg 1280w, https:\/\/www.baumgarten-spain.com\/wp-content\/uploads\/2023\/05\/Mantenimiento-preventivo-en-camiones-de-transporte-de-mercancia-300x200.jpg 300w, https:\/\/www.baumgarten-spain.com\/wp-content\/uploads\/2023\/05\/Mantenimiento-preventivo-en-camiones-de-transporte-de-mercancia-1024x682.jpg 1024w, https:\/\/www.baumgarten-spain.com\/wp-content\/uploads\/2023\/05\/Mantenimiento-preventivo-en-camiones-de-transporte-de-mercancia-768x512.jpg 768w\" sizes=\"(max-width: 1280px) 100vw, 1280px\" \/><\/a><\/figure><\/div>\n\n\n\n<div class=\"wp-block-column is-vertically-aligned-center is-layout-flow wp-block-column-is-layout-flow\" style=\"flex-basis:75%\"><h2 class=\"wp-block-post-title\"><a href=\"https:\/\/www.baumgarten-spain.com\/de\/praeventive-wartung-bei-frachttransport-lkw\/\" target=\"_self\" >Pr\u00e4ventive Wartung bei Frachttransport-LKW<\/a><\/h2><\/div>\n<\/div>\n\n<\/li><li class=\"wp-block-post post-1236 post type-post status-publish format-standard has-post-thumbnail hentry category-unkategorisiert\">\n\n<div class=\"wp-block-columns are-vertically-aligned-center is-layout-flex wp-container-core-columns-is-layout-9d6595d7 wp-block-columns-is-layout-flex\">\n<div class=\"wp-block-column is-vertically-aligned-center is-layout-flow wp-block-column-is-layout-flow\" style=\"flex-basis:25%\"><figure class=\"wp-block-post-featured-image\"><a href=\"https:\/\/www.baumgarten-spain.com\/de\/wie-kann-die-sicherheit-beim-transport-von-waren-in-lastwagen-gewaehrleistet-werden\/\" target=\"_self\"  ><img loading=\"lazy\" decoding=\"async\" width=\"1280\" height=\"853\" src=\"https:\/\/www.baumgarten-spain.com\/wp-content\/uploads\/2023\/05\/Como-garantizar-la-seguridad-en-el-transporte-de-mercancia-de-camiones.jpg\" class=\"attachment-post-thumbnail size-post-thumbnail wp-post-image\" alt=\"Wie kann die Sicherheit beim Transport von Waren in Lastwagen gew\u00e4hrleistet werden?\" style=\"object-fit:cover;\" srcset=\"https:\/\/www.baumgarten-spain.com\/wp-content\/uploads\/2023\/05\/Como-garantizar-la-seguridad-en-el-transporte-de-mercancia-de-camiones.jpg 1280w, https:\/\/www.baumgarten-spain.com\/wp-content\/uploads\/2023\/05\/Como-garantizar-la-seguridad-en-el-transporte-de-mercancia-de-camiones-300x200.jpg 300w, https:\/\/www.baumgarten-spain.com\/wp-content\/uploads\/2023\/05\/Como-garantizar-la-seguridad-en-el-transporte-de-mercancia-de-camiones-1024x682.jpg 1024w, https:\/\/www.baumgarten-spain.com\/wp-content\/uploads\/2023\/05\/Como-garantizar-la-seguridad-en-el-transporte-de-mercancia-de-camiones-768x512.jpg 768w\" sizes=\"(max-width: 1280px) 100vw, 1280px\" \/><\/a><\/figure><\/div>\n\n\n\n<div class=\"wp-block-column is-vertically-aligned-center is-layout-flow wp-block-column-is-layout-flow\" style=\"flex-basis:75%\"><h2 class=\"wp-block-post-title\"><a href=\"https:\/\/www.baumgarten-spain.com\/de\/wie-kann-die-sicherheit-beim-transport-von-waren-in-lastwagen-gewaehrleistet-werden\/\" target=\"_self\" >Wie kann die Sicherheit beim Transport von Waren in Lastwagen gew\u00e4hrleistet werden?<\/a><\/h2><\/div>\n<\/div>\n\n<\/li><\/ul><\/div>\n","protected":false},"excerpt":{"rendered":"","protected":false},"author":3,"featured_media":0,"parent":0,"menu_order":0,"comment_status":"closed","ping_status":"closed","template":"","meta":{"_monsterinsights_skip_tracking":false,"_monsterinsights_sitenote_active":false,"_monsterinsights_sitenote_note":"","_monsterinsights_sitenote_category":0,"_joinchat":[],"footnotes":""},"class_list":["post-1294","page","type-page","status-publish","hentry"],"yoast_head":"<!-- This site is optimized with the Yoast SEO plugin v27.4 - https:\/\/yoast.com\/product\/yoast-seo-wordpress\/ -->\n<title>Blog &#8211; Baumgarten Espa\u00f1a<\/title>\n<meta name=\"description\" content=\"Besuchen Sie den Blog von Baumgarten Spain f\u00fcr aktuelle Neuigkeiten, Brancheninsights und hilfreiche Tipps. Bleiben Sie informiert mit unseren Expertenartikeln.\" \/>\n<meta name=\"robots\" content=\"index, follow, max-snippet:-1, max-image-preview:large, max-video-preview:-1\" \/>\n<link rel=\"canonical\" href=\"https:\/\/www.baumgarten-spain.com\/de\/blog\/\" \/>\n<meta property=\"og:locale\" content=\"de_DE\" \/>\n<meta property=\"og:type\" content=\"article\" \/>\n<meta property=\"og:title\" content=\"Blog &#8211; Baumgarten Espa\u00f1a\" \/>\n<meta property=\"og:description\" content=\"Besuchen Sie den Blog von Baumgarten Spain f\u00fcr aktuelle Neuigkeiten, Brancheninsights und hilfreiche Tipps. Bleiben Sie informiert mit unseren Expertenartikeln.\" \/>\n<meta property=\"og:url\" content=\"https:\/\/www.baumgarten-spain.com\/de\/blog\/\" \/>\n<meta property=\"og:site_name\" content=\"Baumgarten Espa\u00f1a\" \/>\n<meta property=\"article:modified_time\" content=\"2024-07-30T07:39:32+00:00\" \/>\n<meta name=\"twitter:card\" content=\"summary_large_image\" \/>\n<!-- \/ Yoast SEO plugin. -->","yoast_head_json":{"title":"Blog &#8211; Baumgarten Espa\u00f1a","description":"Besuchen Sie den Blog von Baumgarten Spain f\u00fcr aktuelle Neuigkeiten, Brancheninsights und hilfreiche Tipps. Bleiben Sie informiert mit unseren Expertenartikeln.","robots":{"index":"index","follow":"follow","max-snippet":"max-snippet:-1","max-image-preview":"max-image-preview:large","max-video-preview":"max-video-preview:-1"},"canonical":"https:\/\/www.baumgarten-spain.com\/de\/blog\/","og_locale":"de_DE","og_type":"article","og_title":"Blog &#8211; Baumgarten Espa\u00f1a","og_description":"Besuchen Sie den Blog von Baumgarten Spain f\u00fcr aktuelle Neuigkeiten, Brancheninsights und hilfreiche Tipps. Bleiben Sie informiert mit unseren Expertenartikeln.","og_url":"https:\/\/www.baumgarten-spain.com\/de\/blog\/","og_site_name":"Baumgarten Espa\u00f1a","article_modified_time":"2024-07-30T07:39:32+00:00","twitter_card":"summary_large_image","schema":{"@context":"https:\/\/schema.org","@graph":[{"@type":"WebPage","@id":"https:\/\/www.baumgarten-spain.com\/de\/blog\/","url":"https:\/\/www.baumgarten-spain.com\/de\/blog\/","name":"Blog &#8211; Baumgarten Espa\u00f1a","isPartOf":{"@id":"https:\/\/www.baumgarten-spain.com\/#website"},"datePublished":"2023-05-24T08:51:04+00:00","dateModified":"2024-07-30T07:39:32+00:00","description":"Besuchen Sie den Blog von Baumgarten Spain f\u00fcr aktuelle Neuigkeiten, Brancheninsights und hilfreiche Tipps. Bleiben Sie informiert mit unseren Expertenartikeln.","breadcrumb":{"@id":"https:\/\/www.baumgarten-spain.com\/de\/blog\/#breadcrumb"},"inLanguage":"de","potentialAction":[{"@type":"ReadAction","target":["https:\/\/www.baumgarten-spain.com\/de\/blog\/"]}]},{"@type":"BreadcrumbList","@id":"https:\/\/www.baumgarten-spain.com\/de\/blog\/#breadcrumb","itemListElement":[{"@type":"ListItem","position":1,"name":"Portada","item":"https:\/\/www.baumgarten-spain.com\/de\/"},{"@type":"ListItem","position":2,"name":"Blog"}]},{"@type":"WebSite","@id":"https:\/\/www.baumgarten-spain.com\/#website","url":"https:\/\/www.baumgarten-spain.com\/","name":"Baumgarten Espa\u00f1a","description":"","publisher":{"@id":"https:\/\/www.baumgarten-spain.com\/#organization"},"potentialAction":[{"@type":"SearchAction","target":{"@type":"EntryPoint","urlTemplate":"https:\/\/www.baumgarten-spain.com\/?s={search_term_string}"},"query-input":{"@type":"PropertyValueSpecification","valueRequired":true,"valueName":"search_term_string"}}],"inLanguage":"de"},{"@type":"Organization","@id":"https:\/\/www.baumgarten-spain.com\/#organization","name":"Baumgarten Espa\u00f1a SL","url":"https:\/\/www.baumgarten-spain.com\/","logo":{"@type":"ImageObject","inLanguage":"de","@id":"https:\/\/www.baumgarten-spain.com\/#\/schema\/logo\/image\/","url":"https:\/\/www.baumgarten-spain.com\/wp-content\/uploads\/2023\/03\/logo.png","contentUrl":"https:\/\/www.baumgarten-spain.com\/wp-content\/uploads\/2023\/03\/logo.png","width":23,"height":32,"caption":"Baumgarten Espa\u00f1a SL"},"image":{"@id":"https:\/\/www.baumgarten-spain.com\/#\/schema\/logo\/image\/"}}]}},"_links":{"self":[{"href":"https:\/\/www.baumgarten-spain.com\/de\/wp-json\/wp\/v2\/pages\/1294","targetHints":{"allow":["GET"]}}],"collection":[{"href":"https:\/\/www.baumgarten-spain.com\/de\/wp-json\/wp\/v2\/pages"}],"about":[{"href":"https:\/\/www.baumgarten-spain.com\/de\/wp-json\/wp\/v2\/types\/page"}],"author":[{"embeddable":true,"href":"https:\/\/www.baumgarten-spain.com\/de\/wp-json\/wp\/v2\/users\/3"}],"replies":[{"embeddable":true,"href":"https:\/\/www.baumgarten-spain.com\/de\/wp-json\/wp\/v2\/comments?post=1294"}],"version-history":[{"count":1,"href":"https:\/\/www.baumgarten-spain.com\/de\/wp-json\/wp\/v2\/pages\/1294\/revisions"}],"predecessor-version":[{"id":1295,"href":"https:\/\/www.baumgarten-spain.com\/de\/wp-json\/wp\/v2\/pages\/1294\/revisions\/1295"}],"wp:attachment":[{"href":"https:\/\/www.baumgarten-spain.com\/de\/wp-json\/wp\/v2\/media?parent=1294"}],"curies":[{"name":"wp","href":"https:\/\/api.w.org\/{rel}","templated":true}]}}