{"id":1095,"date":"2023-04-17T12:03:18","date_gmt":"2023-04-17T11:03:18","guid":{"rendered":"https:\/\/www.baumgarten-spain.com\/?page_id=1095"},"modified":"2026-04-17T11:57:45","modified_gmt":"2026-04-17T10:57:45","slug":"kunststoff-kantenschutz-zur-ladungssicherung-beim-transport","status":"publish","type":"page","link":"https:\/\/www.baumgarten-spain.com\/de\/kunststoff-kantenschutz-zur-ladungssicherung-beim-transport\/","title":{"rendered":"Kantenschutz orange"},"content":{"rendered":"\n<div class=\"wp-block-columns is-layout-flex wp-container-core-columns-is-layout-9d6595d7 wp-block-columns-is-layout-flex\">\n<div class=\"wp-block-column is-layout-flow wp-block-column-is-layout-flow\">\n<figure class=\"wp-block-image size-large\"><img fetchpriority=\"high\" decoding=\"async\" width=\"1024\" height=\"683\" src=\"https:\/\/www.baumgarten-spain.com\/wp-content\/uploads\/2023\/02\/pexels-mike-b-13520550-1024x683.jpg\" alt=\"\" class=\"wp-image-732\" srcset=\"https:\/\/www.baumgarten-spain.com\/wp-content\/uploads\/2023\/02\/pexels-mike-b-13520550-1024x683.jpg 1024w, https:\/\/www.baumgarten-spain.com\/wp-content\/uploads\/2023\/02\/pexels-mike-b-13520550-300x200.jpg 300w, https:\/\/www.baumgarten-spain.com\/wp-content\/uploads\/2023\/02\/pexels-mike-b-13520550-768x512.jpg 768w, https:\/\/www.baumgarten-spain.com\/wp-content\/uploads\/2023\/02\/pexels-mike-b-13520550-1536x1024.jpg 1536w, https:\/\/www.baumgarten-spain.com\/wp-content\/uploads\/2023\/02\/pexels-mike-b-13520550.jpg 1920w\" sizes=\"(max-width: 1024px) 100vw, 1024px\" \/><\/figure>\n<\/div>\n\n\n\n<div class=\"wp-block-column is-vertically-aligned-center is-layout-flow wp-block-column-is-layout-flow\"><div class=\"wp-block-image\">\n<figure class=\"aligncenter size-full\"><img decoding=\"async\" width=\"790\" height=\"304\" src=\"https:\/\/www.baumgarten-spain.com\/wp-content\/uploads\/2023\/02\/Cantoneras-de-plastico-de-proteccion-para-la-mercancia-en-el-transporte.png\" alt=\"\" class=\"wp-image-739\" srcset=\"https:\/\/www.baumgarten-spain.com\/wp-content\/uploads\/2023\/02\/Cantoneras-de-plastico-de-proteccion-para-la-mercancia-en-el-transporte.png 790w, https:\/\/www.baumgarten-spain.com\/wp-content\/uploads\/2023\/02\/Cantoneras-de-plastico-de-proteccion-para-la-mercancia-en-el-transporte-300x115.png 300w, https:\/\/www.baumgarten-spain.com\/wp-content\/uploads\/2023\/02\/Cantoneras-de-plastico-de-proteccion-para-la-mercancia-en-el-transporte-768x296.png 768w\" sizes=\"(max-width: 790px) 100vw, 790px\" \/><\/figure>\n<\/div><\/div>\n<\/div>\n\n\n\n<p class=\"has-medium-font-size\">Wenn Sie auf der Suche nach <strong><strong>Kantenschutz<\/strong><\/strong> <strong>orange zur Ladungssicherung beim Transport sind<\/strong>, dann sind Sie an der richtigen Stelle! Unser hochwertige Kunststoffkantenschutz sch\u00fctzt Ihre Ware vor m\u00f6glichen Sch\u00e4den, sodass diese unver\u00e4ndert am gew\u00fcnschten Ziel ankommen. Auf dieser Seite finden Sie alle relevanten Informationen die Sie \u00fcber kantenschutz wissen m\u00fcssen.&nbsp;<\/p>\n\n\n\n<div style=\"height:50px\" aria-hidden=\"true\" class=\"wp-block-spacer\"><\/div>\n\n\n\n<div class=\"wp-block-columns is-layout-flex wp-container-core-columns-is-layout-9d6595d7 wp-block-columns-is-layout-flex\">\n<div class=\"wp-block-column is-layout-flow wp-block-column-is-layout-flow\">\n<figure class=\"wp-block-image size-full\"><img decoding=\"async\" width=\"672\" height=\"622\" src=\"https:\/\/www.baumgarten-spain.com\/wp-content\/uploads\/2023\/04\/kantenschutz-kunststoff-ladungssicherung.jpg\" alt=\"\" class=\"wp-image-1121\" srcset=\"https:\/\/www.baumgarten-spain.com\/wp-content\/uploads\/2023\/04\/kantenschutz-kunststoff-ladungssicherung.jpg 672w, https:\/\/www.baumgarten-spain.com\/wp-content\/uploads\/2023\/04\/kantenschutz-kunststoff-ladungssicherung-300x278.jpg 300w\" sizes=\"(max-width: 672px) 100vw, 672px\" \/><\/figure>\n<\/div>\n\n\n\n<div class=\"wp-block-column is-vertically-aligned-center is-layout-flow wp-block-column-is-layout-flow\">\n<h2 class=\"wp-block-heading\"><strong><mark style=\"background-color:rgba(0, 0, 0, 0);color:#017f3a\" class=\"has-inline-color\">NEUE!<\/mark> Kantenschutz&nbsp;Standard<\/strong><\/h2>\n\n\n<div class=\"wp-block-image\">\n<figure class=\"aligncenter size-full is-resized\"><img loading=\"lazy\" decoding=\"async\" width=\"243\" height=\"186\" src=\"https:\/\/www.baumgarten-spain.com\/wp-content\/uploads\/2025\/05\/cantonera-plastica.png\" alt=\"cantonera-plastica\" class=\"wp-image-2262\" style=\"width:256px;height:auto\"\/><\/figure>\n<\/div>\n\n\n<p>Es ist essentiell Ihre Wahre mit <strong>kantenschutz<\/strong> abzusichern, um Sch\u00e4den, w\u00e4hrend des Transports, zu vermeiden.<\/p>\n\n\n\n<div class=\"wp-block-buttons is-content-justification-center is-layout-flex wp-container-core-buttons-is-layout-16018d1d wp-block-buttons-is-layout-flex\">\n<div class=\"wp-block-button is-style-fill\"><a class=\"wp-block-button__link has-background wp-element-button\" href=\"#unsere\" style=\"background-color:#00823b\">Katalog Kantenschutz<\/a><\/div>\n<\/div>\n<\/div>\n<\/div>\n\n\n\n<div style=\"height:50px\" aria-hidden=\"true\" class=\"wp-block-spacer\"><\/div>\n\n\n\n<div class=\"wp-block-columns is-layout-flex wp-container-core-columns-is-layout-9d6595d7 wp-block-columns-is-layout-flex\">\n<div class=\"wp-block-column is-layout-flow wp-block-column-is-layout-flow\">\n<p class=\"has-text-align-center has-medium-font-size\">M\u00f6gliche Sch\u00e4den k\u00f6nnten in finanziellem Verlust resultieren. Durch geeignete Schutzma\u00dfnahmen wird das Risiko verringert die gesch\u00e4digte Ware ersetzen zu m\u00fcssen, was in Kundenzufriedenheit endet. Au\u00dferdem kann das Benutzen von kantenschutz das sp\u00e4tere Aufteilen der Ware vereinfachen. Dies erspart Zeit und Kosten beim Aufladen.&nbsp;<\/p>\n\n\n\n<div style=\"height:50px\" aria-hidden=\"true\" class=\"wp-block-spacer\"><\/div>\n<\/div>\n<\/div>\n\n\n\n<h3 class=\"wp-block-heading has-text-align-center\"><strong>Wozu dient der Kantenschutz orange beim Transport?<\/strong><\/h3>\n\n\n\n<p>Die Schaftkappe ist ein wichtiger Bestandteil im Transportwesen. Es handelt sich um ein Schutzteil, das im Allgemeinen aus Kunststoff besteht.<\/p>\n\n\n\n<p>Die Eckst\u00fccke haben eine Doppelfunktion; sie sch\u00fctzen die Ware beim Transport und sorgen f\u00fcr Stabilit\u00e4t der Ladung.<\/p>\n\n\n\n<p>Indem sie St\u00f6\u00dfe absorbieren, die durch Transportbewegungen entstehen, verhindern Eckst\u00fccke, dass sich Materialien verformen oder brechen, was besonders bei zerbrechlicher Ware wichtig ist.<\/p>\n\n\n\n<p>Daher spielen Eckst\u00fccke im Kontext der Logistik eine wichtige Rolle.&nbsp; Sie stellen sicher, dass die Materialien ihr Transportziel unter sowie in optimalen Bedingungen erreichen.<\/p>\n\n\n\n<p>Wir wissen, dass Transportfahrzeuge, egal ob LKW, Z\u00fcge oder Schiffe, st\u00e4ndigen Bewegungen ausgesetzt sind, die nicht ausreichend gesch\u00fctzte Materialien besch\u00e4digen k\u00f6nnen.<\/p>\n\n\n\n<p>Daher bewahren die Eckst\u00fccke die Integrit\u00e4t der Produkte, indem sie die R\u00fcckgabe- und Ersatzraten reduzieren.<\/p>\n\n\n\n<div style=\"height:50px\" aria-hidden=\"true\" class=\"wp-block-spacer\"><\/div>\n\n\n\n<h3 class=\"wp-block-heading has-text-align-center has-large-font-size\">WIR SIND HERSTELLER VON TRANSPORT-KANTENSCHUTZ ORANGE<\/h3>\n\n\n\n<p>Wir sind selbst auf die Herstellung von Eckensch\u00fctzern spezialisiert, die aus strapazierf\u00e4higen und hochfesten Kunststoffmaterialien gefertigt sind und somit den Anforderungen des G\u00fctertransports standhalten. Wir arbeiten mit verschiedenen Typen, um uns an die spezifischen Bed\u00fcrfnisse unserer Kunden anzupassen, darunter lange beidseitige Eckensch\u00fctzer, kurze Schutzeckensch\u00fctzer und spezielle Eckensch\u00fctzer zum Schutz von Papierrollen, unter anderem.<\/p>\n\n\n\n<p>Die Qualit\u00e4t unserer Produkte hat f\u00fcr uns oberste Priorit\u00e4t. Wir nutzen fortschrittliche Herstellungsverfahren und verf\u00fcgen \u00fcber ein Team von Produktionsexperten, die sicherstellen, dass jeder Eckensch\u00fctzer die h\u00f6chsten Qualit\u00e4tsstandards erf\u00fcllt.<\/p>\n\n\n\n<div style=\"height:70px\" aria-hidden=\"true\" class=\"wp-block-spacer\"><\/div>\n\n\n\n<div class=\"wp-block-columns is-layout-flex wp-container-core-columns-is-layout-9d6595d7 wp-block-columns-is-layout-flex\">\n<div class=\"wp-block-column is-vertically-aligned-center is-layout-flow wp-block-column-is-layout-flow\">\n<p class=\"has-text-align-center\">Unsere Kunden w\u00fcnschen sich einen exklusiven Kantenschutzwinkel f\u00fcr den Transport von Papierrollen.<\/p>\n\n\n\n<p class=\"has-text-align-center\">Wir pr\u00e4sentieren unseren von der Dekra zugelassenes&nbsp; Kunststoff Kantenschutzwinkel JUMBO.<\/p>\n<\/div>\n\n\n\n<div class=\"wp-block-column is-layout-flow wp-block-column-is-layout-flow\"><div class=\"wp-block-image\">\n<figure class=\"aligncenter size-full\"><img loading=\"lazy\" decoding=\"async\" width=\"900\" height=\"450\" src=\"https:\/\/www.baumgarten-spain.com\/wp-content\/uploads\/2023\/02\/Dekra.jpg\" alt=\"\" class=\"wp-image-776\" srcset=\"https:\/\/www.baumgarten-spain.com\/wp-content\/uploads\/2023\/02\/Dekra.jpg 900w, https:\/\/www.baumgarten-spain.com\/wp-content\/uploads\/2023\/02\/Dekra-300x150.jpg 300w, https:\/\/www.baumgarten-spain.com\/wp-content\/uploads\/2023\/02\/Dekra-768x384.jpg 768w\" sizes=\"(max-width: 900px) 100vw, 900px\" \/><\/figure>\n<\/div><\/div>\n<\/div>\n\n\n\n<div style=\"height:75px\" aria-hidden=\"true\" class=\"wp-block-spacer\"><\/div>\n\n\n\n<h2 class=\"wp-block-heading has-text-align-center\"><strong>Die Vorteile unserer kantenschutz orange<\/strong> <strong> f\u00fcr LKWs&nbsp;<\/strong><\/h2>\n\n\n\n<div style=\"height:25px\" aria-hidden=\"true\" class=\"wp-block-spacer\"><\/div>\n\n\n\n<div class=\"wp-block-columns is-layout-flex wp-container-core-columns-is-layout-9d6595d7 wp-block-columns-is-layout-flex\">\n<div class=\"wp-block-column is-layout-flow wp-block-column-is-layout-flow\">\n<h3 class=\"wp-block-heading has-text-align-center\">Ladungssicherung<\/h3>\n\n\n\n<p class=\"has-text-align-center\">Kunststoffecken sch\u00fctzen nicht nur die Ware effektiv, sondern balancieren die Ladung w\u00e4hrend des Transports.<\/p>\n<\/div>\n\n\n\n<div class=\"wp-block-column is-layout-flow wp-block-column-is-layout-flow\">\n<h3 class=\"wp-block-heading has-text-align-center\">Reduktion der Kosten<\/h3>\n\n\n\n<p class=\"has-text-align-center\">Kundenzufriedenheit Indem Kunden die Ware in perfekten Konditionen erhalten, sind diese zufrieden mit der Qualit\u00e4t des Produktes.&nbsp;<\/p>\n<\/div>\n\n\n\n<div class=\"wp-block-column is-layout-flow wp-block-column-is-layout-flow\">\n<h3 class=\"wp-block-heading has-text-align-center\">Kundenzufriedenheit<\/h3>\n\n\n\n<p class=\"has-text-align-center\">Das Benutzen von Kunststoffecken ist essentiell um Sicherheitsma\u00dfnahmen des Transports der G\u00fcter einzuhalten.<\/p>\n<\/div>\n<\/div>\n\n\n\n<div style=\"height:60px\" aria-hidden=\"true\" class=\"wp-block-spacer\"><\/div>\n\n\n\n<div class=\"wp-block-columns is-layout-flex wp-container-core-columns-is-layout-9d6595d7 wp-block-columns-is-layout-flex\">\n<div class=\"wp-block-column is-layout-flow wp-block-column-is-layout-flow\">\n<h3 class=\"wp-block-heading has-text-align-center\">Normen und Vorschriften<\/h3>\n\n\n\n<p class=\"has-text-align-center\">Durch die Nutzung von Kunststoffecken f\u00fcr W\u00e4nde kann die Frachthandhabung und der allgemeine Transport erleichtert werden. Das spart Zeit und die Vertriebskosten werden reduziert.<\/p>\n<\/div>\n\n\n\n<div class=\"wp-block-column is-layout-flow wp-block-column-is-layout-flow\">\n<h3 class=\"wp-block-heading has-text-align-center\">Erh\u00f6hte Effizienz bei der Handhabung von Fracht<\/h3>\n\n\n\n<p class=\"has-text-align-center\">Durch das absichern der Ware verkleinert sich das Risiko, dass die Ware wahrend der Fahrt &nbsp; &nbsp; besch\u00e4digt wird und somit ersetzt warden muss.<\/p>\n<\/div>\n<\/div>\n\n\n\n<div style=\"height:80px\" aria-hidden=\"true\" class=\"wp-block-spacer\"><\/div>\n\n\n\n<h2 class=\"wp-block-heading has-text-align-center\" id=\"unsere\">Unsere Kunststoff-Kantenschutz f\u00fcr die Transportsicherheit<\/h2>\n\n\n\n<div style=\"height:30px\" aria-hidden=\"true\" class=\"wp-block-spacer\"><\/div>\n\n\n\n<div class=\"wp-block-columns is-layout-flex wp-container-core-columns-is-layout-9d6595d7 wp-block-columns-is-layout-flex\">\n<div class=\"wp-block-column is-layout-flow wp-block-column-is-layout-flow\">\n<div class=\"wp-block-media-text alignwide is-stacked-on-mobile\" style=\"grid-template-columns:43% auto\"><figure class=\"wp-block-media-text__media\"><img loading=\"lazy\" decoding=\"async\" width=\"856\" height=\"508\" src=\"https:\/\/www.baumgarten-spain.com\/wp-content\/uploads\/2020\/02\/12-ribs.png\" alt=\"\" class=\"wp-image-205 size-full\" srcset=\"https:\/\/www.baumgarten-spain.com\/wp-content\/uploads\/2020\/02\/12-ribs.png 856w, https:\/\/www.baumgarten-spain.com\/wp-content\/uploads\/2020\/02\/12-ribs-300x178.png 300w, https:\/\/www.baumgarten-spain.com\/wp-content\/uploads\/2020\/02\/12-ribs-768x456.png 768w\" sizes=\"(max-width: 856px) 100vw, 856px\" \/><\/figure><div class=\"wp-block-media-text__content\">\n<p><strong>Kantenschutz 180 x 180<\/strong>&nbsp;<strong>x 18,5 mm<\/strong>&nbsp;<strong>Orange \/ Schwarz<\/strong><\/p>\n\n\n\n<p>Referenz:&nbsp;A470002<\/p>\n\n\n\n<p>Material: PE<\/p>\n\n\n\n<p>Gewitch: 1.950 kg\/meter<\/p>\n\n\n\n<p>L\u00e4nge: Von 0.30 zu 6 metern<\/p>\n\n\n\n<p>Menge auf palette: 250 St\u00fcck \/ 1 Meter<\/p>\n<\/div><\/div>\n\n\n\n<div style=\"height:30px\" aria-hidden=\"true\" class=\"wp-block-spacer\"><\/div>\n<\/div>\n\n\n\n<div class=\"wp-block-column is-layout-flow wp-block-column-is-layout-flow\">\n<div class=\"wp-block-columns alignwide is-layout-flex wp-container-core-columns-is-layout-9d6595d7 wp-block-columns-is-layout-flex\">\n<div class=\"wp-block-column is-vertically-aligned-center is-layout-flow wp-block-column-is-layout-flow\" style=\"flex-basis:43%\">\n<figure class=\"wp-block-image size-full\"><img loading=\"lazy\" decoding=\"async\" width=\"243\" height=\"186\" src=\"https:\/\/www.baumgarten-spain.com\/wp-content\/uploads\/2025\/05\/cantonera-plastica.png\" alt=\"cantonera-plastica\" class=\"wp-image-2262\"\/><\/figure>\n<\/div>\n\n\n\n<div class=\"wp-block-column is-layout-flow wp-block-column-is-layout-flow\" style=\"flex-basis:57%\">\n<p><strong>NEUE Kantenschutz&nbsp;Standard&nbsp;&nbsp;187 x 187 x 19mm Orange \/ Schwarz<\/strong><\/p>\n\n\n\n<p><br>Referenz: A470003<\/p>\n\n\n\n<p><br>Material: PE<\/p>\n\n\n\n<p><br>Gewitch:\u00a02.00 kg\/meter<\/p>\n\n\n\n<p><br>L\u00e4nge: Von 0.30 zu 6.0 metern<\/p>\n\n\n\n<p><br>Menge auf palette: 200 St\u00fcck \/ 1 Meter<\/p>\n<\/div>\n<\/div>\n<\/div>\n<\/div>\n\n\n\n<div class=\"wp-block-columns is-layout-flex wp-container-core-columns-is-layout-9d6595d7 wp-block-columns-is-layout-flex\">\n<div class=\"wp-block-column is-layout-flow wp-block-column-is-layout-flow\">\n<div class=\"wp-block-media-text alignwide is-stacked-on-mobile\" style=\"grid-template-columns:43% auto\"><figure class=\"wp-block-media-text__media\"><img loading=\"lazy\" decoding=\"async\" width=\"1024\" height=\"1024\" src=\"https:\/\/www.baumgarten-spain.com\/wp-content\/uploads\/2018\/10\/20180326-producte-Baumgarten2372-1024x1024.jpg\" alt=\"\" class=\"wp-image-61 size-full\" srcset=\"https:\/\/www.baumgarten-spain.com\/wp-content\/uploads\/2018\/10\/20180326-producte-Baumgarten2372-1024x1024.jpg 1024w, https:\/\/www.baumgarten-spain.com\/wp-content\/uploads\/2018\/10\/20180326-producte-Baumgarten2372-150x150.jpg 150w, https:\/\/www.baumgarten-spain.com\/wp-content\/uploads\/2018\/10\/20180326-producte-Baumgarten2372-300x300.jpg 300w, https:\/\/www.baumgarten-spain.com\/wp-content\/uploads\/2018\/10\/20180326-producte-Baumgarten2372-768x768.jpg 768w\" sizes=\"(max-width: 1024px) 100vw, 1024px\" \/><\/figure><div class=\"wp-block-media-text__content\">\n<p class=\"has-medium-font-size\"><strong><strong><strong>Kantenschutz<\/strong><\/strong> 180 x 140 x 5 mm<\/strong> <strong><strong>Orange \/ Schwarz<\/strong><\/strong><\/p>\n\n\n\n<p class=\"has-medium-font-size\">Referenz: A470001-21.<\/p>\n\n\n\n<p class=\"has-medium-font-size\">Material: PE. <\/p>\n\n\n\n<p class=\"has-medium-font-size\">Gewitch: 1.7 kg\/meter. <\/p>\n\n\n\n<p class=\"has-medium-font-size\">L\u00e4nge: Von 0,3 zu 3 metern.<\/p>\n\n\n\n<p class=\"has-medium-font-size\">Menge auf palette: 250 St\u00fcck &#8211; 1 Meter.<\/p>\n\n\n\n<p><\/p>\n<\/div><\/div>\n<\/div>\n\n\n\n<div class=\"wp-block-column is-layout-flow wp-block-column-is-layout-flow\">\n<div class=\"wp-block-columns alignwide is-layout-flex wp-container-core-columns-is-layout-9d6595d7 wp-block-columns-is-layout-flex\">\n<div class=\"wp-block-column is-vertically-aligned-center is-layout-flow wp-block-column-is-layout-flow\" style=\"flex-basis:43%\">\n<figure class=\"wp-block-image size-large\"><img loading=\"lazy\" decoding=\"async\" width=\"1024\" height=\"1024\" src=\"https:\/\/www.baumgarten-spain.com\/wp-content\/uploads\/2018\/10\/20180326-producte-Baumgarten2357-1024x1024.jpg\" alt=\"20180326 - producte - Baumgarten2357\" class=\"wp-image-1034\" srcset=\"https:\/\/www.baumgarten-spain.com\/wp-content\/uploads\/2018\/10\/20180326-producte-Baumgarten2357-1024x1024.jpg 1024w, https:\/\/www.baumgarten-spain.com\/wp-content\/uploads\/2018\/10\/20180326-producte-Baumgarten2357-150x150.jpg 150w, https:\/\/www.baumgarten-spain.com\/wp-content\/uploads\/2018\/10\/20180326-producte-Baumgarten2357-300x300.jpg 300w, https:\/\/www.baumgarten-spain.com\/wp-content\/uploads\/2018\/10\/20180326-producte-Baumgarten2357-768x768.jpg 768w\" sizes=\"(max-width: 1024px) 100vw, 1024px\" \/><\/figure>\n<\/div>\n\n\n\n<div class=\"wp-block-column is-layout-flow wp-block-column-is-layout-flow\" style=\"flex-basis:57%\">\n<p class=\"has-medium-font-size\"><strong><strong>Kantenschutz<\/strong> 180 x 140 x 5 mm <strong>Orange \/ Schwarz<\/strong><\/strong><\/p>\n\n\n\n<p class=\"has-medium-font-size\">Referenz: A470001-20.<\/p>\n\n\n\n<p class=\"has-medium-font-size\">Material: PE. <\/p>\n\n\n\n<p class=\"has-medium-font-size\">Gewitch: 1.7 kg\/meter.<\/p>\n\n\n\n<p class=\"has-medium-font-size\">L\u00e4nge: Von 0.30 zu 6 metern.<\/p>\n\n\n\n<p class=\"has-medium-font-size\">Menge auf palette: 250 St\u00fcck \/ 1 Meter.<\/p>\n<\/div>\n<\/div>\n<\/div>\n<\/div>\n\n\n\n<div style=\"height:40px\" aria-hidden=\"true\" class=\"wp-block-spacer\"><\/div>\n\n\n\n<div style=\"height:0px\" aria-hidden=\"true\" class=\"wp-block-spacer\"><\/div>\n\n\n\n<div class=\"wp-block-columns is-layout-flex wp-container-core-columns-is-layout-9d6595d7 wp-block-columns-is-layout-flex\">\n<div class=\"wp-block-column is-layout-flow wp-block-column-is-layout-flow\">\n<div class=\"wp-block-media-text alignwide is-stacked-on-mobile\" style=\"grid-template-columns:42% auto\"><figure class=\"wp-block-media-text__media\"><img loading=\"lazy\" decoding=\"async\" width=\"600\" height=\"600\" src=\"https:\/\/www.baumgarten-spain.com\/wp-content\/uploads\/2018\/10\/20180326-producte-Baumgarten2373.jpg\" alt=\"\" class=\"wp-image-62 size-full\" srcset=\"https:\/\/www.baumgarten-spain.com\/wp-content\/uploads\/2018\/10\/20180326-producte-Baumgarten2373.jpg 600w, https:\/\/www.baumgarten-spain.com\/wp-content\/uploads\/2018\/10\/20180326-producte-Baumgarten2373-150x150.jpg 150w, https:\/\/www.baumgarten-spain.com\/wp-content\/uploads\/2018\/10\/20180326-producte-Baumgarten2373-300x300.jpg 300w\" sizes=\"(max-width: 600px) 100vw, 600px\" \/><\/figure><div class=\"wp-block-media-text__content\">\n<p class=\"has-medium-font-size\"><strong><strong>Kantenschutzwinkel<\/strong><\/strong><\/p>\n\n\n\n<p class=\"has-medium-font-size\">Referenz: A690113<\/p>\n\n\n\n<p class=\"has-medium-font-size\">Material: PP. <\/p>\n\n\n\n<p class=\"has-medium-font-size\">Gewitch: 165 gramm \/ St\u00fcck. <\/p>\n\n\n\n<p class=\"has-medium-font-size\">St\u00fcck box: 55. <\/p>\n\n\n\n<p class=\"has-medium-font-size\">Menge auf palette: 1.320.<\/p>\n<\/div><\/div>\n<\/div>\n\n\n\n<div class=\"wp-block-column is-layout-flow wp-block-column-is-layout-flow\">\n<div class=\"wp-block-media-text alignwide is-stacked-on-mobile\" style=\"grid-template-columns:43% auto\"><figure class=\"wp-block-media-text__media\"><img loading=\"lazy\" decoding=\"async\" width=\"600\" height=\"600\" src=\"https:\/\/www.baumgarten-spain.com\/wp-content\/uploads\/2018\/10\/20180326-producte-Baumgarten2373.jpg\" alt=\"\" class=\"wp-image-62 size-full\" srcset=\"https:\/\/www.baumgarten-spain.com\/wp-content\/uploads\/2018\/10\/20180326-producte-Baumgarten2373.jpg 600w, https:\/\/www.baumgarten-spain.com\/wp-content\/uploads\/2018\/10\/20180326-producte-Baumgarten2373-150x150.jpg 150w, https:\/\/www.baumgarten-spain.com\/wp-content\/uploads\/2018\/10\/20180326-producte-Baumgarten2373-300x300.jpg 300w\" sizes=\"(max-width: 600px) 100vw, 600px\" \/><\/figure><div class=\"wp-block-media-text__content\">\n<p class=\"has-medium-font-size\"><strong>Kantenschutzwinkel<\/strong><\/p>\n\n\n\n<p class=\"has-medium-font-size\">Referenz: A690119<\/p>\n\n\n\n<p class=\"has-medium-font-size\">Material: PE. <\/p>\n\n\n\n<p class=\"has-medium-font-size\">Gewitch: 170 gramm \/ St\u00fcck. <\/p>\n\n\n\n<p class=\"has-medium-font-size\">St\u00fcck box: 55. <\/p>\n\n\n\n<p class=\"has-medium-font-size\">Menge auf palette: 1.320.<\/p>\n<\/div><\/div>\n<\/div>\n<\/div>\n\n\n\n<div style=\"height:30px\" aria-hidden=\"true\" class=\"wp-block-spacer\"><\/div>\n\n\n\n<div class=\"wp-block-columns is-layout-flex wp-container-core-columns-is-layout-9d6595d7 wp-block-columns-is-layout-flex\">\n<div class=\"wp-block-column is-layout-flow wp-block-column-is-layout-flow\">\n<div class=\"wp-block-media-text alignwide is-stacked-on-mobile\" style=\"grid-template-columns:43% auto\"><figure class=\"wp-block-media-text__media\"><img loading=\"lazy\" decoding=\"async\" width=\"600\" height=\"600\" src=\"https:\/\/www.baumgarten-spain.com\/wp-content\/uploads\/2018\/10\/20180326-producte-Baumgarten2374.jpg\" alt=\"\" class=\"wp-image-42 size-full\" srcset=\"https:\/\/www.baumgarten-spain.com\/wp-content\/uploads\/2018\/10\/20180326-producte-Baumgarten2374.jpg 600w, https:\/\/www.baumgarten-spain.com\/wp-content\/uploads\/2018\/10\/20180326-producte-Baumgarten2374-150x150.jpg 150w, https:\/\/www.baumgarten-spain.com\/wp-content\/uploads\/2018\/10\/20180326-producte-Baumgarten2374-300x300.jpg 300w\" sizes=\"(max-width: 600px) 100vw, 600px\" \/><\/figure><div class=\"wp-block-media-text__content\">\n<p class=\"has-medium-font-size\"><strong>Kantenschutzwinkel 50 mm<\/strong><\/p>\n\n\n\n<p class=\"has-medium-font-size\">Referenz: A690108 wei\u00df &#8211; A690110 schwarz. <\/p>\n\n\n\n<p class=\"has-medium-font-size\">Material: PE. <\/p>\n\n\n\n<p class=\"has-medium-font-size\">Gewitch: 70 gramm \/ St\u00fcck. <\/p>\n\n\n\n<p class=\"has-medium-font-size\">St\u00fcck box: 120-200. <\/p>\n\n\n\n<p class=\"has-medium-font-size\">Menge auf palette: 2.880 &#8211; 3.200.<\/p>\n<\/div><\/div>\n\n\n\n<div style=\"height:60px\" aria-hidden=\"true\" class=\"wp-block-spacer\"><\/div>\n\n\n\n<div class=\"wp-block-media-text alignwide is-stacked-on-mobile\" style=\"grid-template-columns:43% auto\"><figure class=\"wp-block-media-text__media\"><img loading=\"lazy\" decoding=\"async\" width=\"483\" height=\"447\" src=\"https:\/\/www.baumgarten-spain.com\/wp-content\/uploads\/2019\/02\/small-open-100mm.jpg\" alt=\"\" class=\"wp-image-151 size-full\" srcset=\"https:\/\/www.baumgarten-spain.com\/wp-content\/uploads\/2019\/02\/small-open-100mm.jpg 483w, https:\/\/www.baumgarten-spain.com\/wp-content\/uploads\/2019\/02\/small-open-100mm-300x278.jpg 300w\" sizes=\"(max-width: 483px) 100vw, 483px\" \/><\/figure><div class=\"wp-block-media-text__content\">\n<p class=\"has-medium-font-size\"><strong>Kantenschutzwinkel 100 mm<\/strong><\/p>\n\n\n\n<p class=\"has-medium-font-size\">Referenz: A690125 wei\u00df. A690126 schwarz. <\/p>\n\n\n\n<p class=\"has-medium-font-size\">Material: PE. <\/p>\n\n\n\n<p class=\"has-medium-font-size\">Gewitch: 60 gramm \/ St\u00fcck. <\/p>\n\n\n\n<p class=\"has-medium-font-size\">St\u00fcck box: 120-200. <\/p>\n\n\n\n<p class=\"has-medium-font-size\">Menge auf palette: 2.880 &#8211; 3.200.<\/p>\n<\/div><\/div>\n\n\n\n<div style=\"height:60px\" aria-hidden=\"true\" class=\"wp-block-spacer\"><\/div>\n\n\n\n<div class=\"wp-block-media-text alignwide is-stacked-on-mobile\" style=\"grid-template-columns:43% auto\"><figure class=\"wp-block-media-text__media\"><img loading=\"lazy\" decoding=\"async\" width=\"292\" height=\"256\" src=\"https:\/\/www.baumgarten-spain.com\/wp-content\/uploads\/2023\/04\/unnamed.jpeg\" alt=\"\" class=\"wp-image-996 size-full\"\/><\/figure><div class=\"wp-block-media-text__content\">\n<p class=\"has-medium-font-size\"><strong>Geschlossene Kantenschutz<\/strong> <strong>50 mm<\/strong><\/p>\n\n\n\n<p class=\"has-medium-font-size\">Referenz: A690174. <\/p>\n\n\n\n<p class=\"has-medium-font-size\">Material: PE. <\/p>\n\n\n\n<p class=\"has-medium-font-size\">Gewitch: 0,705 gramm. <\/p>\n\n\n\n<p class=\"has-medium-font-size\">St\u00fcck box: 120. <\/p>\n\n\n\n<p class=\"has-medium-font-size\">Menge auf palette: 2.880.<\/p>\n<\/div><\/div>\n<\/div>\n\n\n\n<div class=\"wp-block-column is-layout-flow wp-block-column-is-layout-flow\">\n<div class=\"wp-block-media-text alignwide is-stacked-on-mobile\" style=\"grid-template-columns:43% auto\"><figure class=\"wp-block-media-text__media\"><img loading=\"lazy\" decoding=\"async\" width=\"1024\" height=\"1024\" src=\"https:\/\/www.baumgarten-spain.com\/wp-content\/uploads\/2018\/10\/20180326-producte-Baumgarten2389-1024x1024.jpg\" alt=\"\" class=\"wp-image-45 size-full\" srcset=\"https:\/\/www.baumgarten-spain.com\/wp-content\/uploads\/2018\/10\/20180326-producte-Baumgarten2389-1024x1024.jpg 1024w, https:\/\/www.baumgarten-spain.com\/wp-content\/uploads\/2018\/10\/20180326-producte-Baumgarten2389-150x150.jpg 150w, https:\/\/www.baumgarten-spain.com\/wp-content\/uploads\/2018\/10\/20180326-producte-Baumgarten2389-300x300.jpg 300w, https:\/\/www.baumgarten-spain.com\/wp-content\/uploads\/2018\/10\/20180326-producte-Baumgarten2389-768x768.jpg 768w\" sizes=\"(max-width: 1024px) 100vw, 1024px\" \/><\/figure><div class=\"wp-block-media-text__content\">\n<p class=\"has-medium-font-size\"><strong>Kantenschutzwinkel 75 mm<\/strong><\/p>\n\n\n\n<p class=\"has-medium-font-size\">Referenz: A690109 wei\u00df. A690111 schwarz. <\/p>\n\n\n\n<p class=\"has-medium-font-size\">Material: PE. <\/p>\n\n\n\n<p class=\"has-medium-font-size\">Gewitch: 70 gramm \/ St\u00fcck. <\/p>\n\n\n\n<p class=\"has-medium-font-size\">St\u00fcck box: 120-200. <\/p>\n\n\n\n<p class=\"has-medium-font-size\">Menge auf palette: 2.880 &#8211; 3.200.<\/p>\n<\/div><\/div>\n\n\n\n<div style=\"height:60px\" aria-hidden=\"true\" class=\"wp-block-spacer\"><\/div>\n\n\n\n<div class=\"wp-block-media-text alignwide is-stacked-on-mobile\" style=\"grid-template-columns:48% auto\"><figure class=\"wp-block-media-text__media\"><img loading=\"lazy\" decoding=\"async\" width=\"591\" height=\"529\" src=\"https:\/\/www.baumgarten-spain.com\/wp-content\/uploads\/2022\/05\/image006.jpg\" alt=\"\" class=\"wp-image-598 size-full\" srcset=\"https:\/\/www.baumgarten-spain.com\/wp-content\/uploads\/2022\/05\/image006.jpg 591w, https:\/\/www.baumgarten-spain.com\/wp-content\/uploads\/2022\/05\/image006-300x269.jpg 300w\" sizes=\"(max-width: 591px) 100vw, 591px\" \/><\/figure><div class=\"wp-block-media-text__content\">\n<p class=\"has-medium-font-size\"><strong><strong><strong>Kantenschutz<\/strong><\/strong> Jumbo<\/strong><\/p>\n\n\n\n<p class=\"has-medium-font-size\">Referenz: A690168 schwarz. <\/p>\n\n\n\n<p class=\"has-medium-font-size\">Material: PP. <\/p>\n\n\n\n<p class=\"has-medium-font-size\">Gewitch: 248 gramm \/ St\u00fcck. <\/p>\n\n\n\n<p class=\"has-medium-font-size\">St\u00fcck box: 45. <\/p>\n\n\n\n<p class=\"has-medium-font-size\">Menge auf palette: 900.<\/p>\n\n\n\n<p><\/p>\n\n\n\n<p><\/p>\n<\/div><\/div>\n\n\n\n<div class=\"wp-block-group alignwide\"><div class=\"wp-block-group__inner-container is-layout-constrained wp-block-group-is-layout-constrained\">\n<div class=\"wp-block-columns alignwide is-layout-flex wp-container-core-columns-is-layout-9d6595d7 wp-block-columns-is-layout-flex\">\n<div class=\"wp-block-column is-vertically-aligned-center is-layout-flow wp-block-column-is-layout-flow\" style=\"flex-basis:48%\">\n<figure class=\"wp-block-image size-full\"><img loading=\"lazy\" decoding=\"async\" width=\"600\" height=\"600\" src=\"https:\/\/www.baumgarten-spain.com\/wp-content\/uploads\/2018\/10\/20180326-producte-Baumgarten2423.jpg\" alt=\"20180326 - producte - Baumgarten2423\" class=\"wp-image-1027\" srcset=\"https:\/\/www.baumgarten-spain.com\/wp-content\/uploads\/2018\/10\/20180326-producte-Baumgarten2423.jpg 600w, https:\/\/www.baumgarten-spain.com\/wp-content\/uploads\/2018\/10\/20180326-producte-Baumgarten2423-150x150.jpg 150w, https:\/\/www.baumgarten-spain.com\/wp-content\/uploads\/2018\/10\/20180326-producte-Baumgarten2423-300x300.jpg 300w\" sizes=\"(max-width: 600px) 100vw, 600px\" \/><\/figure>\n<\/div>\n\n\n\n<div class=\"wp-block-column is-layout-flow wp-block-column-is-layout-flow\" style=\"flex-basis:52%\">\n<p class=\"has-medium-font-size\"><strong><strong><strong>Kantenschutz<\/strong><\/strong><\/strong><\/p>\n\n\n\n<p class=\"has-medium-font-size\">Referenz: A690114<\/p>\n\n\n\n<p class=\"has-medium-font-size\">Material: PP\/PE. <\/p>\n\n\n\n<p class=\"has-medium-font-size\">Gewitch: 550 gramm \/ St\u00fcck. <\/p>\n\n\n\n<p class=\"has-medium-font-size\">St\u00fcck box: 117. <\/p>\n\n\n\n<p class=\"has-medium-font-size\">Menge auf palette: 468.<\/p>\n<\/div>\n<\/div>\n<\/div><\/div>\n<\/div>\n<\/div>\n\n\n\n<div style=\"height:100px\" aria-hidden=\"true\" class=\"wp-block-spacer\"><\/div>\n\n\n\n<h2 class=\"wp-block-heading has-text-align-center\">Gesetzgebung (UNE 12195) des benutzens von Kunststoffecken zum aufladen von Transport<\/h2>\n\n\n\n<p>Es ist wichtig <strong><strong>Kantenschutz<\/strong>&nbsp;orange <\/strong>zu benutzen, um G\u00fcter nach der Gesetzgebung (UNE 12195) ordnungsgem\u00e4\u00df zu transportieren. Je nach Produktart, k\u00f6nnten bestimmte Ma\u00dfnahmen anfallen um die Ware richtig zu sichern, um Unf\u00e4lle zu vermeiden. Diese Regeln variieren je nach Land.&nbsp;<\/p>\n\n\n\n<p>Das Missachten dieser Ma\u00dfnahmen k\u00f6nnte zu entsprechenden Strafen f\u00fchren. Daher ist das Benutzen von <strong>Kunststoffecken um Ladungen zu sichern <\/strong>eine effektive Weise diese Regeln einzuhalten.<\/p>\n\n\n\n<div style=\"height:100px\" aria-hidden=\"true\" class=\"wp-block-spacer\"><\/div>\n\n\n\n<h3 class=\"wp-block-heading has-text-align-center has-large-font-size\">Kontakt<\/h3>\n\n\n\n<div style=\"height:35px\" aria-hidden=\"true\" class=\"wp-block-spacer\"><\/div>\n\n\n\n<div class=\"wp-block-columns is-layout-flex wp-container-core-columns-is-layout-9d6595d7 wp-block-columns-is-layout-flex\">\n<div class=\"wp-block-column is-layout-flow wp-block-column-is-layout-flow\">\n<div class=\"wpcf7 no-js\" id=\"wpcf7-f1241-o1\" lang=\"es-ES\" dir=\"ltr\" data-wpcf7-id=\"1241\">\n<div class=\"screen-reader-response\"><p role=\"status\" aria-live=\"polite\" aria-atomic=\"true\"><\/p> <ul><\/ul><\/div>\n<form action=\"\/de\/wp-json\/wp\/v2\/pages\/1095#wpcf7-f1241-o1\" method=\"post\" class=\"wpcf7-form init\" aria-label=\"Formulario de contacto\" novalidate=\"novalidate\" data-status=\"init\">\n<fieldset class=\"hidden-fields-container\"><input type=\"hidden\" name=\"_wpcf7\" value=\"1241\" \/><input type=\"hidden\" name=\"_wpcf7_version\" value=\"6.1.5\" \/><input type=\"hidden\" name=\"_wpcf7_locale\" value=\"es_ES\" \/><input type=\"hidden\" name=\"_wpcf7_unit_tag\" value=\"wpcf7-f1241-o1\" \/><input type=\"hidden\" name=\"_wpcf7_container_post\" value=\"0\" \/><input type=\"hidden\" name=\"_wpcf7_posted_data_hash\" value=\"\" \/><input type=\"hidden\" name=\"_extcf7_conditional_options\" value=\"{&quot;form_id&quot;:1241,&quot;conditions&quot;:[]}\" \/><input type=\"hidden\" name=\"_extcf7_redirect_options\" value=\"{&quot;form_id&quot;:1241,&quot;redirect_options&quot;:{&quot;redirection_enable&quot;:&quot;on&quot;,&quot;custom_url_enable&quot;:&quot;off&quot;,&quot;redirect_page&quot;:&quot;https:\\\/\\\/www.baumgarten-spain.com\\\/de\\\/danke\\\/&quot;,&quot;custom_urle&quot;:&quot;&quot;,&quot;redirect_new_tab&quot;:&quot;off&quot;,&quot;js_action&quot;:&quot;off&quot;,&quot;javascript_code&quot;:&quot;&quot;}}\" \/><input type=\"hidden\" name=\"_wpcf7_recaptcha_response\" value=\"\" \/>\n<\/fieldset>\n<p><label> Dein Name<br \/>\n<span class=\"wpcf7-form-control-wrap\" data-name=\"your-name\"><input size=\"40\" maxlength=\"400\" class=\"wpcf7-form-control wpcf7-text wpcf7-validates-as-required\" autocomplete=\"name\" aria-required=\"true\" aria-invalid=\"false\" value=\"\" type=\"text\" name=\"your-name\" \/><\/span> <\/label>\n<\/p>\n<p><label> Deine E-Mail<br \/>\n<span class=\"wpcf7-form-control-wrap\" data-name=\"your-email\"><input size=\"40\" maxlength=\"400\" class=\"wpcf7-form-control wpcf7-email wpcf7-validates-as-required wpcf7-text wpcf7-validates-as-email\" autocomplete=\"email\" aria-required=\"true\" aria-invalid=\"false\" value=\"\" type=\"email\" name=\"your-email\" \/><\/span> <\/label>\n<\/p>\n<p><label> Betreff<br \/>\n<span class=\"wpcf7-form-control-wrap\" data-name=\"your-subject\"><input size=\"40\" maxlength=\"400\" class=\"wpcf7-form-control wpcf7-text wpcf7-validates-as-required\" aria-required=\"true\" aria-invalid=\"false\" value=\"\" type=\"text\" name=\"your-subject\" \/><\/span> <\/label>\n<\/p>\n<p><label> Deine Nachricht (optional)<br \/>\n<span class=\"wpcf7-form-control-wrap\" data-name=\"your-message\"><textarea cols=\"40\" rows=\"10\" maxlength=\"2000\" class=\"wpcf7-form-control wpcf7-textarea\" aria-invalid=\"false\" name=\"your-message\"><\/textarea><\/span> <\/label>\n<\/p>\n<p><span class=\"wpcf7-form-control-wrap\" data-name=\"acceptance-259\"><span class=\"wpcf7-form-control wpcf7-acceptance\"><span class=\"wpcf7-list-item\"><input type=\"checkbox\" name=\"acceptance-259\" value=\"1\" aria-invalid=\"false\" \/><\/span><\/span><\/span> Ich akzeptiere die Nutzungsbedingungen und<a href=\"https:\/\/www.baumgarten-spain.com\/de\/politica-de-privacidad\/\" target=\"blank\" rel=\"noopener noreferrer\"> die Datenschutzrichtlinien<\/a>.\n<\/p>\n<p><input class=\"wpcf7-form-control wpcf7-submit has-spinner\" type=\"submit\" value=\"Absenden\" \/>\n<\/p><input type='hidden' class='wpcf7-pum' value='{\"closepopup\":false,\"closedelay\":0,\"openpopup\":false,\"openpopup_id\":0}' \/><div class=\"wpcf7-response-output\" aria-hidden=\"true\"><\/div>\n<\/form>\n<\/div>\n\n<\/div>\n\n\n\n<div class=\"wp-block-column is-layout-flow wp-block-column-is-layout-flow\">\n<h3 class=\"wp-block-heading\">Kontaktinformationen<\/h3>\n\n\n\n<p>Tel: +34 93 784 71 81 <\/p>\n\n\n\n<p>Tel: +34 93 013 68 35 <\/p>\n\n\n\n<p>Fax: +34 93 784 87 33 <\/p>\n\n\n\n<p>E-Mail: <a href=\"mailto:maribel@baumgarten-spain.com\">maribel@baumgarten-spain.com<\/a><\/p>\n<\/div>\n<\/div>\n","protected":false},"excerpt":{"rendered":"<p>Wenn Sie auf der Suche nach Kantenschutz orange zur Ladungssicherung beim Transport sind, dann sind Sie an der richtigen Stelle! Unser hochwertige Kunststoffkantenschutz sch\u00fctzt Ihre Ware vor m\u00f6glichen Sch\u00e4den, sodass diese unver\u00e4ndert am gew\u00fcnschten Ziel ankommen. Auf dieser Seite finden Sie alle relevanten Informationen die Sie \u00fcber kantenschutz wissen m\u00fcssen.&nbsp; NEUE! Kantenschutz&nbsp;Standard Es ist essentiell &hellip; <a href=\"https:\/\/www.baumgarten-spain.com\/de\/kunststoff-kantenschutz-zur-ladungssicherung-beim-transport\/\">Weiterlesen<\/a><\/p>\n","protected":false},"author":3,"featured_media":1078,"parent":0,"menu_order":0,"comment_status":"closed","ping_status":"closed","template":"","meta":{"_monsterinsights_skip_tracking":false,"_monsterinsights_sitenote_active":false,"_monsterinsights_sitenote_note":"","_monsterinsights_sitenote_category":0,"_joinchat":[],"footnotes":""},"class_list":["post-1095","page","type-page","status-publish","has-post-thumbnail","hentry"],"yoast_head":"<!-- This site is optimized with the Yoast SEO plugin v27.4 - https:\/\/yoast.com\/product\/yoast-seo-wordpress\/ -->\n<title>Kantenschutz orange | Baumgarten<\/title>\n<meta name=\"description\" content=\"Wir sind Hersteller von Kantenschutz Orange. Wenn Sie nach Kunststoffecken zum Schutz Ihrer Waren suchen, sind Sie hier genau richtig.\" \/>\n<meta name=\"robots\" content=\"index, follow, max-snippet:-1, max-image-preview:large, max-video-preview:-1\" \/>\n<link rel=\"canonical\" href=\"https:\/\/www.baumgarten-spain.com\/de\/kunststoff-kantenschutz-zur-ladungssicherung-beim-transport\/\" \/>\n<meta property=\"og:locale\" content=\"de_DE\" \/>\n<meta property=\"og:type\" content=\"article\" \/>\n<meta property=\"og:title\" content=\"Kantenschutz orange | Baumgarten\" \/>\n<meta property=\"og:description\" content=\"Wir sind Hersteller von Kantenschutz Orange. Wenn Sie nach Kunststoffecken zum Schutz Ihrer Waren suchen, sind Sie hier genau richtig.\" \/>\n<meta property=\"og:url\" content=\"https:\/\/www.baumgarten-spain.com\/de\/kunststoff-kantenschutz-zur-ladungssicherung-beim-transport\/\" \/>\n<meta property=\"og:site_name\" content=\"Baumgarten Espa\u00f1a\" \/>\n<meta property=\"article:modified_time\" content=\"2026-04-17T10:57:45+00:00\" \/>\n<meta property=\"og:image\" content=\"https:\/\/www.baumgarten-spain.com\/wp-content\/uploads\/2023\/03\/image003.jpg\" \/>\n\t<meta property=\"og:image:width\" content=\"885\" \/>\n\t<meta property=\"og:image:height\" content=\"619\" \/>\n\t<meta property=\"og:image:type\" content=\"image\/jpeg\" \/>\n<meta name=\"twitter:card\" content=\"summary_large_image\" \/>\n<meta name=\"twitter:label1\" content=\"Gesch\u00e4tzte Lesezeit\" \/>\n\t<meta name=\"twitter:data1\" content=\"8\u00a0Minuten\" \/>\n<!-- \/ Yoast SEO plugin. -->","yoast_head_json":{"title":"Kantenschutz orange | Baumgarten","description":"Wir sind Hersteller von Kantenschutz Orange. Wenn Sie nach Kunststoffecken zum Schutz Ihrer Waren suchen, sind Sie hier genau richtig.","robots":{"index":"index","follow":"follow","max-snippet":"max-snippet:-1","max-image-preview":"max-image-preview:large","max-video-preview":"max-video-preview:-1"},"canonical":"https:\/\/www.baumgarten-spain.com\/de\/kunststoff-kantenschutz-zur-ladungssicherung-beim-transport\/","og_locale":"de_DE","og_type":"article","og_title":"Kantenschutz orange | Baumgarten","og_description":"Wir sind Hersteller von Kantenschutz Orange. Wenn Sie nach Kunststoffecken zum Schutz Ihrer Waren suchen, sind Sie hier genau richtig.","og_url":"https:\/\/www.baumgarten-spain.com\/de\/kunststoff-kantenschutz-zur-ladungssicherung-beim-transport\/","og_site_name":"Baumgarten Espa\u00f1a","article_modified_time":"2026-04-17T10:57:45+00:00","og_image":[{"width":885,"height":619,"url":"https:\/\/www.baumgarten-spain.com\/wp-content\/uploads\/2023\/03\/image003.jpg","type":"image\/jpeg"}],"twitter_card":"summary_large_image","twitter_misc":{"Gesch\u00e4tzte Lesezeit":"8\u00a0Minuten"},"schema":{"@context":"https:\/\/schema.org","@graph":[{"@type":"WebPage","@id":"https:\/\/www.baumgarten-spain.com\/de\/kunststoff-kantenschutz-zur-ladungssicherung-beim-transport\/","url":"https:\/\/www.baumgarten-spain.com\/de\/kunststoff-kantenschutz-zur-ladungssicherung-beim-transport\/","name":"Kantenschutz orange | Baumgarten","isPartOf":{"@id":"https:\/\/www.baumgarten-spain.com\/#website"},"primaryImageOfPage":{"@id":"https:\/\/www.baumgarten-spain.com\/de\/kunststoff-kantenschutz-zur-ladungssicherung-beim-transport\/#primaryimage"},"image":{"@id":"https:\/\/www.baumgarten-spain.com\/de\/kunststoff-kantenschutz-zur-ladungssicherung-beim-transport\/#primaryimage"},"thumbnailUrl":"https:\/\/www.baumgarten-spain.com\/wp-content\/uploads\/2023\/03\/image003.jpg","datePublished":"2023-04-17T11:03:18+00:00","dateModified":"2026-04-17T10:57:45+00:00","description":"Wir sind Hersteller von Kantenschutz Orange. Wenn Sie nach Kunststoffecken zum Schutz Ihrer Waren suchen, sind Sie hier genau richtig.","breadcrumb":{"@id":"https:\/\/www.baumgarten-spain.com\/de\/kunststoff-kantenschutz-zur-ladungssicherung-beim-transport\/#breadcrumb"},"inLanguage":"de","potentialAction":[{"@type":"ReadAction","target":["https:\/\/www.baumgarten-spain.com\/de\/kunststoff-kantenschutz-zur-ladungssicherung-beim-transport\/"]}]},{"@type":"ImageObject","inLanguage":"de","@id":"https:\/\/www.baumgarten-spain.com\/de\/kunststoff-kantenschutz-zur-ladungssicherung-beim-transport\/#primaryimage","url":"https:\/\/www.baumgarten-spain.com\/wp-content\/uploads\/2023\/03\/image003.jpg","contentUrl":"https:\/\/www.baumgarten-spain.com\/wp-content\/uploads\/2023\/03\/image003.jpg","width":885,"height":619,"caption":"cantonera-de-plastico-para-transporte"},{"@type":"BreadcrumbList","@id":"https:\/\/www.baumgarten-spain.com\/de\/kunststoff-kantenschutz-zur-ladungssicherung-beim-transport\/#breadcrumb","itemListElement":[{"@type":"ListItem","position":1,"name":"Portada","item":"https:\/\/www.baumgarten-spain.com\/de\/"},{"@type":"ListItem","position":2,"name":"Kantenschutz orange"}]},{"@type":"WebSite","@id":"https:\/\/www.baumgarten-spain.com\/#website","url":"https:\/\/www.baumgarten-spain.com\/","name":"Baumgarten Espa\u00f1a","description":"","publisher":{"@id":"https:\/\/www.baumgarten-spain.com\/#organization"},"potentialAction":[{"@type":"SearchAction","target":{"@type":"EntryPoint","urlTemplate":"https:\/\/www.baumgarten-spain.com\/?s={search_term_string}"},"query-input":{"@type":"PropertyValueSpecification","valueRequired":true,"valueName":"search_term_string"}}],"inLanguage":"de"},{"@type":"Organization","@id":"https:\/\/www.baumgarten-spain.com\/#organization","name":"Baumgarten Espa\u00f1a SL","url":"https:\/\/www.baumgarten-spain.com\/","logo":{"@type":"ImageObject","inLanguage":"de","@id":"https:\/\/www.baumgarten-spain.com\/#\/schema\/logo\/image\/","url":"https:\/\/www.baumgarten-spain.com\/wp-content\/uploads\/2023\/03\/logo.png","contentUrl":"https:\/\/www.baumgarten-spain.com\/wp-content\/uploads\/2023\/03\/logo.png","width":23,"height":32,"caption":"Baumgarten Espa\u00f1a SL"},"image":{"@id":"https:\/\/www.baumgarten-spain.com\/#\/schema\/logo\/image\/"}}]}},"_links":{"self":[{"href":"https:\/\/www.baumgarten-spain.com\/de\/wp-json\/wp\/v2\/pages\/1095","targetHints":{"allow":["GET"]}}],"collection":[{"href":"https:\/\/www.baumgarten-spain.com\/de\/wp-json\/wp\/v2\/pages"}],"about":[{"href":"https:\/\/www.baumgarten-spain.com\/de\/wp-json\/wp\/v2\/types\/page"}],"author":[{"embeddable":true,"href":"https:\/\/www.baumgarten-spain.com\/de\/wp-json\/wp\/v2\/users\/3"}],"replies":[{"embeddable":true,"href":"https:\/\/www.baumgarten-spain.com\/de\/wp-json\/wp\/v2\/comments?post=1095"}],"version-history":[{"count":37,"href":"https:\/\/www.baumgarten-spain.com\/de\/wp-json\/wp\/v2\/pages\/1095\/revisions"}],"predecessor-version":[{"id":2376,"href":"https:\/\/www.baumgarten-spain.com\/de\/wp-json\/wp\/v2\/pages\/1095\/revisions\/2376"}],"wp:featuredmedia":[{"embeddable":true,"href":"https:\/\/www.baumgarten-spain.com\/de\/wp-json\/wp\/v2\/media\/1078"}],"wp:attachment":[{"href":"https:\/\/www.baumgarten-spain.com\/de\/wp-json\/wp\/v2\/media?parent=1095"}],"curies":[{"name":"wp","href":"https:\/\/api.w.org\/{rel}","templated":true}]}}